{"id":3313,"date":"2024-10-31T10:54:12","date_gmt":"2024-10-31T09:54:12","guid":{"rendered":"https:\/\/www.finquesbonallar.com\/comprar-piso-montcada-centre-la-ribera\/"},"modified":"2026-04-15T15:33:56","modified_gmt":"2026-04-15T13:33:56","slug":"comprar-pis-montcada-centre-la-ribera","status":"publish","type":"page","link":"https:\/\/www.finquesbonallar.com\/ca\/comprar-pis-montcada-centre-la-ribera\/","title":{"rendered":"Montcada centre \u2013 La Ribera"},"content":{"rendered":"\t\t<div data-elementor-type=\"wp-page\" data-elementor-id=\"3313\" class=\"elementor elementor-3313 elementor-554\" data-elementor-post-type=\"page\">\n\t\t\t\t<div class=\"elementor-element elementor-element-3ea4cf7f e-con-full e-flex e-con e-parent\" data-id=\"3ea4cf7f\" data-element_type=\"container\" data-e-type=\"container\" data-settings=\"{&quot;background_background&quot;:&quot;classic&quot;}\">\n\t\t<div class=\"elementor-element elementor-element-7ddedde4 e-flex e-con-boxed e-con e-child\" data-id=\"7ddedde4\" data-element_type=\"container\" data-e-type=\"container\">\n\t\t\t\t\t<div class=\"e-con-inner\">\n\t\t\t\t<div class=\"elementor-element elementor-element-6c90a420 elementor-widget elementor-widget-heading\" data-id=\"6c90a420\" data-element_type=\"widget\" data-e-type=\"widget\" data-widget_type=\"heading.default\">\n\t\t\t\t<div class=\"elementor-widget-container\">\n\t\t\t\t\t<h1 class=\"elementor-heading-title elementor-size-default\">Comprar pis a Montcada Centre \u2013 La Ribera<\/h1>\t\t\t\t<\/div>\n\t\t\t\t<\/div>\n\t\t\t\t<div class=\"elementor-element elementor-element-7b383dc elementor-widget elementor-widget-heading\" data-id=\"7b383dc\" data-element_type=\"widget\" data-e-type=\"widget\" data-widget_type=\"heading.default\">\n\t\t\t\t<div class=\"elementor-widget-container\">\n\t\t\t\t\t<h2 class=\"elementor-heading-title elementor-size-default\">Cases - locals - terrenys - p\u00e0rquings<\/h2>\t\t\t\t<\/div>\n\t\t\t\t<\/div>\n\t\t\t\t<div class=\"elementor-element elementor-element-feb382f elementor-widget__width-initial elementor-widget elementor-widget-text-editor\" data-id=\"feb382f\" data-element_type=\"widget\" data-e-type=\"widget\" data-widget_type=\"text-editor.default\">\n\t\t\t\t<div class=\"elementor-widget-container\">\n\t\t\t\t\t\t\t\t\tEst\u00e0s buscant <strong>comprar pis a Montcada Centre &#8211; La Ribera<\/strong>? Potser una casa, local, terreny o p\u00e0rquing? \n\nA Finques Bonallar t&#8217;oferim la major oferta de <strong>immobles en aquests barris de Montcada i Reixac<\/strong> amb la millor atenci\u00f3 i servei.\t\t\t\t\t\t\t\t<\/div>\n\t\t\t\t<\/div>\n\t\t\t\t\t<\/div>\n\t\t\t\t<\/div>\n\t\t\t\t<\/div>\n\t\t<div class=\"elementor-element elementor-element-d649be3 e-flex e-con-boxed e-con e-parent\" data-id=\"d649be3\" data-element_type=\"container\" data-e-type=\"container\">\n\t\t\t\t\t<div class=\"e-con-inner\">\n\t\t\t\t<div class=\"elementor-element elementor-element-15b78f38 elementor-widget elementor-widget-heading\" data-id=\"15b78f38\" data-element_type=\"widget\" data-e-type=\"widget\" data-widget_type=\"heading.default\">\n\t\t\t\t<div class=\"elementor-widget-container\">\n\t\t\t\t\t<h2 class=\"elementor-heading-title elementor-size-default\">Immobles en venda o lloguer disponibles<\/h2>\t\t\t\t<\/div>\n\t\t\t\t<\/div>\n\t\t\t\t<div class=\"elementor-element elementor-element-ccd9e35 elementor-widget elementor-widget-text-editor\" data-id=\"ccd9e35\" data-element_type=\"widget\" data-e-type=\"widget\" data-widget_type=\"text-editor.default\">\n\t\t\t\t<div class=\"elementor-widget-container\">\n\t\t\t\t\t\t\t\t\t<p>[LAmbos KUBE WDFINBONLLARMONCENTRIBERA]<\/p>\t\t\t\t\t\t\t\t<\/div>\n\t\t\t\t<\/div>\n\t\t\t\t\t<\/div>\n\t\t\t\t<\/div>\n\t\t<div class=\"elementor-element elementor-element-1c501a6 e-flex e-con-boxed e-con e-parent\" data-id=\"1c501a6\" data-element_type=\"container\" data-e-type=\"container\" data-settings=\"{&quot;background_background&quot;:&quot;classic&quot;}\">\n\t\t\t\t\t<div class=\"e-con-inner\">\n\t\t<div class=\"elementor-element elementor-element-3817543 e-con-full e-flex e-con e-child\" data-id=\"3817543\" data-element_type=\"container\" data-e-type=\"container\">\n\t\t<div class=\"elementor-element elementor-element-4d61091 e-con-full e-flex e-con e-child\" data-id=\"4d61091\" data-element_type=\"container\" data-e-type=\"container\">\n\t\t\t\t<div class=\"elementor-element elementor-element-7187ec4 elementor-widget elementor-widget-text-editor\" data-id=\"7187ec4\" data-element_type=\"widget\" data-e-type=\"widget\" data-widget_type=\"text-editor.default\">\n\t\t\t\t<div class=\"elementor-widget-container\">\n\t\t\t\t\t\t\t\t\t<p>Connectem persones amb habitatges!<\/p>\t\t\t\t\t\t\t\t<\/div>\n\t\t\t\t<\/div>\n\t\t\t\t<\/div>\n\t\t<div class=\"elementor-element elementor-element-c924d3b e-con-full e-flex e-con e-child\" data-id=\"c924d3b\" data-element_type=\"container\" data-e-type=\"container\">\n\t\t\t\t<div class=\"elementor-element elementor-element-3786e2c elementor-align-center elementor-widget elementor-widget-button\" data-id=\"3786e2c\" data-element_type=\"widget\" data-e-type=\"widget\" data-widget_type=\"button.default\">\n\t\t\t\t<div class=\"elementor-widget-container\">\n\t\t\t\t\t\t\t\t\t<div class=\"elementor-button-wrapper\">\n\t\t\t\t\t<a class=\"elementor-button elementor-button-link elementor-size-sm\" href=\"#\">\n\t\t\t\t\t\t<span class=\"elementor-button-content-wrapper\">\n\t\t\t\t\t\t\t\t\t<span class=\"elementor-button-text\">\u00a1Contactar ara!<\/span>\n\t\t\t\t\t<\/span>\n\t\t\t\t\t<\/a>\n\t\t\t\t<\/div>\n\t\t\t\t\t\t\t\t<\/div>\n\t\t\t\t<\/div>\n\t\t\t\t<\/div>\n\t\t\t\t<\/div>\n\t\t\t\t\t<\/div>\n\t\t\t\t<\/div>\n\t\t<div class=\"elementor-element elementor-element-437e7e5a e-grid e-con-full e-con e-parent\" data-id=\"437e7e5a\" data-element_type=\"container\" data-e-type=\"container\">\n\t\t<div class=\"elementor-element elementor-element-3859b4a e-flex e-con-boxed e-con e-child\" data-id=\"3859b4a\" data-element_type=\"container\" data-e-type=\"container\" data-settings=\"{&quot;background_background&quot;:&quot;classic&quot;}\">\n\t\t\t\t\t<div class=\"e-con-inner\">\n\t\t\t\t\t<\/div>\n\t\t\t\t<\/div>\n\t\t<div class=\"elementor-element elementor-element-50c9de71 e-flex e-con-boxed e-con e-child\" data-id=\"50c9de71\" data-element_type=\"container\" data-e-type=\"container\">\n\t\t\t\t\t<div class=\"e-con-inner\">\n\t\t\t\t<div class=\"elementor-element elementor-element-b89da72 elementor-widget elementor-widget-heading\" data-id=\"b89da72\" data-element_type=\"widget\" data-e-type=\"widget\" data-widget_type=\"heading.default\">\n\t\t\t\t<div class=\"elementor-widget-container\">\n\t\t\t\t\t<h2 class=\"elementor-heading-title elementor-size-default\">Per qu\u00e8 viure a Montcada Centre - La Ribera?<\/h2>\t\t\t\t<\/div>\n\t\t\t\t<\/div>\n\t\t\t\t<div class=\"elementor-element elementor-element-4e7850ad elementor-widget elementor-widget-text-editor\" data-id=\"4e7850ad\" data-element_type=\"widget\" data-e-type=\"widget\" data-widget_type=\"text-editor.default\">\n\t\t\t\t<div class=\"elementor-widget-container\">\n\t\t\t\t\t\t\t\t\t<p><strong>Montcada Centre<\/strong> i <strong>La Ribera<\/strong> s\u00f3n els <strong>barris m\u00e9s c\u00e8ntrics i amb m\u00e9s activitat de Montcada i Reixac<\/strong>. La seva ubicaci\u00f3 privilegiada i la seva excel\u00b7lent connectivitat amb Barcelona i municipis ve\u00efns els converteixen en una de les millors zones per viure a Montcada.<\/p><p>Un dels seus grans atractius \u00e9s <strong>dues estacions de Rodalies de Catalunya<\/strong>:<\/p><ul><li><strong>Montcada i Reixac &#8211; Manresa<\/strong> (l\u00ednies R4 i R7), amb connexi\u00f3 directa a Barcelona, Universitat Aut\u00f2noma de Barcelona (UAB), Sabadell o Terrassa.<\/li><li><strong>Montcada i Reixac<\/strong> (l\u00ednies R2 i R11), que facilita l&#8217;acc\u00e9s a destinacions com ara Barcelona, Aeroport Josep Tarradellas Barcelona-El Prat, Granollers o Girona.<\/li><\/ul><p>Aquests barris ofereixen un equilibri perfecte entre un entorn urb\u00e0 din\u00e0mic i la comoditat de comptar amb tots els serveis essencials a poca dist\u00e0ncia a peu. A la zona es troben <strong>guarderies, col\u00b7legis i instituts<\/strong>, cosa que el converteix en una opci\u00f3 ideal per a fam\u00edlies. A m\u00e9s, la <strong>amplia oferta de comer\u00e7os, restaurants i cafeteries<\/strong> garanteix una vida di\u00e0ria c\u00f2moda i pr\u00e0ctica.<\/p><p>Montcada Centre &#8211; La Ribera no nom\u00e9s destaca per la seva activitat comercial i administrativa, sin\u00f3 tamb\u00e9 per les <strong>instal\u00b7lacions esportives i culturals<\/strong>. La zona compta amb <strong>pavellons esportius per a la pr\u00e0ctica d&#8217;esports en equip<\/strong> i la hist\u00f2rica <strong>piscina municipal ol\u00edmpica<\/strong>, que continua oberta a l&#8217;estiu, i \u00e9s un espai de refer\u00e8ncia per a la comunitat.<\/p><p>A Finques Bonallar, la teva <a href=\"https:\/\/www.finquesbonallar.com\/ca\/\">ag\u00e8ncia immobili\u00e0ria a Montcada<\/a>, t&#8217;oferim un assessorament complet si est\u00e0s interessat en el <strong>lloguer<\/strong>, <strong>compra o venda d&#8217;immobles al centre de Montcada i Reixac<\/strong> garatge. No dubtis a <a href=\"https:\/\/www.finquesbonallar.com\/ca\/contacte\/\">contactar<\/a> amb nosaltres si est\u00e0s interessat.<\/p>\t\t\t\t\t\t\t\t<\/div>\n\t\t\t\t<\/div>\n\t\t\t\t\t<\/div>\n\t\t\t\t<\/div>\n\t\t<div class=\"elementor-element elementor-element-490d4d9b e-flex e-con-boxed e-con e-child\" data-id=\"490d4d9b\" data-element_type=\"container\" data-e-type=\"container\" data-settings=\"{&quot;background_background&quot;:&quot;classic&quot;}\">\n\t\t\t\t\t<div class=\"e-con-inner\">\n\t\t\t\t<div class=\"elementor-element elementor-element-158eb799 elementor-widget elementor-widget-heading\" data-id=\"158eb799\" data-element_type=\"widget\" data-e-type=\"widget\" data-widget_type=\"heading.default\">\n\t\t\t\t<div class=\"elementor-widget-container\">\n\t\t\t\t\t<h2 class=\"elementor-heading-title elementor-size-default\">Aix\u00ed \u00e9s el centre de Montcada i Reixac<\/h2>\t\t\t\t<\/div>\n\t\t\t\t<\/div>\n\t\t\t\t<div class=\"elementor-element elementor-element-b57291c elementor-widget elementor-widget-text-editor\" data-id=\"b57291c\" data-element_type=\"widget\" data-e-type=\"widget\" data-widget_type=\"text-editor.default\">\n\t\t\t\t<div class=\"elementor-widget-container\">\n\t\t\t\t\t\t\t\t\t<p>Montcada Centre \u00e9s el <strong>cor administratiu i comercial<\/strong> de la ciutat. Aqu\u00ed hi ha el <strong>Ajuntament de Montcada i Reixac<\/strong>, aix\u00ed com el <strong>CAP Montcada i Reixac<\/strong>, que ofereix atenci\u00f3 m\u00e8dica als ve\u00efns. Tamb\u00e9 s&#8217;ubiquen el <strong>jutjat de pau<\/strong> i el <strong>antic ajuntament<\/strong>, un edifici emblem\u00e0tic a la <strong>Carrer Major<\/strong> que actualment acull el <strong>Museu Municipal de Montcada<\/strong> i altres depend\u00e8ncies culturals.<\/p><p>El <strong>Carrer Major<\/strong> \u00e9s la via m\u00e9s emblem\u00e0tica del municipi, un punt de trobada ple de botigues, cafeteries i serveis, on la vida comercial i social de Montcada cobra la m\u00e0xima expressi\u00f3. En aquesta mateixa zona hi ha la <strong>Parr\u00f2quia de Santa Engracia<\/strong>, un altre element clau del <strong>cor hist\u00f2ric de Montcada i Reixac<\/strong>.<\/p><p>Per la seva banda, <strong>La Ribera<\/strong> \u00e9s una \u00e0rea amb una combinaci\u00f3 de vivendes econ\u00f2miques. La proximitat amb el centre facilita l&#8217;acc\u00e9s a tots els serveis, mantenint un entorn residencial ben comunicat.<\/p><p><strong>Montcada Centre i La Ribera<\/strong> s\u00f3n, sens dubte, els barris amb m\u00e9s dinamisme i oferta de serveis de Montcada i Reixac. La combinaci\u00f3 de connectivitat, comer\u00e7, hist\u00f2ria i equipaments els converteix en una de les millors opcions per als que busquen viure en un entorn amb totes les comoditats.<\/p><p>Si est\u00e0s interessat en <strong>comprar pis a Montcada centro<\/strong>, posa&#8217;t en contacte amb Finques Bonallar.\u00a0<\/p>\t\t\t\t\t\t\t\t<\/div>\n\t\t\t\t<\/div>\n\t\t\t\t\t<\/div>\n\t\t\t\t<\/div>\n\t\t<div class=\"elementor-element elementor-element-625fc0ce e-flex e-con-boxed e-con e-child\" data-id=\"625fc0ce\" data-element_type=\"container\" data-e-type=\"container\" data-settings=\"{&quot;background_background&quot;:&quot;classic&quot;}\">\n\t\t\t\t\t<div class=\"e-con-inner\">\n\t\t\t\t\t<\/div>\n\t\t\t\t<\/div>\n\t\t\t\t<\/div>\n\t\t<div class=\"elementor-element elementor-element-26d461df e-con-full e-flex e-con e-parent\" data-id=\"26d461df\" data-element_type=\"container\" data-e-type=\"container\">\n\t\t\t\t<div class=\"elementor-element elementor-element-1cd738bb elementor-widget elementor-widget-template\" data-id=\"1cd738bb\" data-element_type=\"widget\" data-e-type=\"widget\" data-widget_type=\"template.default\">\n\t\t\t\t<div class=\"elementor-widget-container\">\n\t\t\t\t\t\t\t<div class=\"elementor-template\">\n\t\t\t\t\t<div data-elementor-type=\"container\" data-elementor-id=\"3015\" class=\"elementor elementor-3015 elementor-829 elementor-829\" data-elementor-post-type=\"elementor_library\">\n\t\t\t\t<div class=\"elementor-element elementor-element-559ba4ec e-flex e-con-boxed e-con e-parent\" data-id=\"559ba4ec\" data-element_type=\"container\" data-e-type=\"container\" data-settings=\"{&quot;background_background&quot;:&quot;classic&quot;}\">\n\t\t\t\t\t<div class=\"e-con-inner\">\n\t\t\t\t<div class=\"elementor-element elementor-element-314d3da7 elementor-widget elementor-widget-heading\" data-id=\"314d3da7\" data-element_type=\"widget\" data-e-type=\"widget\" data-widget_type=\"heading.default\">\n\t\t\t\t<div class=\"elementor-widget-container\">\n\t\t\t\t\t<h2 class=\"elementor-heading-title elementor-size-default\">Opinions<\/h2>\t\t\t\t<\/div>\n\t\t\t\t<\/div>\n\t\t\t\t<div class=\"elementor-element elementor-element-4625bb94 elementor-widget-divider--view-line_icon elementor-view-default elementor-widget-divider--element-align-center elementor-widget elementor-widget-divider\" data-id=\"4625bb94\" data-element_type=\"widget\" data-e-type=\"widget\" data-widget_type=\"divider.default\">\n\t\t\t\t<div class=\"elementor-widget-container\">\n\t\t\t\t\t\t\t<div class=\"elementor-divider\">\n\t\t\t<span class=\"elementor-divider-separator\">\n\t\t\t\t\t\t\t<div class=\"elementor-icon elementor-divider__element\">\n\t\t\t\t\t<svg aria-hidden=\"true\" class=\"e-font-icon-svg e-fas-store-alt\" viewBox=\"0 0 640 512\" xmlns=\"http:\/\/www.w3.org\/2000\/svg\"><path d=\"M320 384H128V224H64v256c0 17.7 14.3 32 32 32h256c17.7 0 32-14.3 32-32V224h-64v160zm314.6-241.8l-85.3-128c-6-8.9-16-14.2-26.7-14.2H117.4c-10.7 0-20.7 5.3-26.6 14.2l-85.3 128c-14.2 21.3 1 49.8 26.6 49.8H608c25.5 0 40.7-28.5 26.6-49.8zM512 496c0 8.8 7.2 16 16 16h32c8.8 0 16-7.2 16-16V224h-64v272z\"><\/path><\/svg><\/div>\n\t\t\t\t\t\t<\/span>\n\t\t<\/div>\n\t\t\t\t\t\t<\/div>\n\t\t\t\t<\/div>\n\t\t<div class=\"elementor-element elementor-element-79dc7cc e-con-full e-flex e-con e-child\" data-id=\"79dc7cc\" data-element_type=\"container\" data-e-type=\"container\">\n\t\t<div class=\"elementor-element elementor-element-770d1ca0 e-con-full e-flex e-con e-child\" data-id=\"770d1ca0\" data-element_type=\"container\" data-e-type=\"container\" data-settings=\"{&quot;background_background&quot;:&quot;classic&quot;}\">\n\t\t\t\t<div class=\"elementor-element elementor-element-f43dd76 elementor-widget elementor-widget-shortcode\" data-id=\"f43dd76\" data-element_type=\"widget\" data-e-type=\"widget\" data-widget_type=\"shortcode.default\">\n\t\t\t\t<div class=\"elementor-widget-container\">\n\t\t\t\t\t\t\t<div class=\"elementor-shortcode\">            <div class=\"rplg\" style=\"\" data-id=\"3542\"><div class=\"rplg-grid\"><div class=\"rplg-grid-row rplg-businesses\"><\/div><div class=\"rplg-grid-row rplg-reviews\"><div class=\"rplg-col rplg-col-3\"><div class=\"rplg-box\"><div class=\"rplg-row\"><div class=\"rplg-row-left\"><img decoding=\"async\" src=\"https:\/\/www.finquesbonallar.com\/wp-content\/plugins\/business-reviews-bundle\/assets\/img\/google_avatar.png\" data-src=\"https:\/\/lh3.googleusercontent.com\/a-\/ALV-UjUTVy_EDLSnHYMnbBUoObMDUlFdQwJx5pJM6QvK40mNtJ1PdiQ=s120-c-rp-mo-s56-br100\" class=\"rplg-review-avatar rplg-blazy\" alt=\"Rabire Afkire\" width=\"56\" height=\"56\" title=\"Rabire Afkire\" onerror=\"if(this.src!='https:\/\/www.finquesbonallar.com\/wp-content\/plugins\/business-reviews-bundle\/assets\/img\/google_avatar.png')this.src='https:\/\/www.finquesbonallar.com\/wp-content\/plugins\/business-reviews-bundle\/assets\/img\/google_avatar.png';\" ><\/div><div class=\"rplg-row-right\"><a href=\"https:\/\/search.google.com\/local\/reviews?placeid=ChIJd3jsADS8pBIRMXSYepw5DPw\" class=\"rplg-review-name rplg-trim\" target=\"_blank\" rel=\"noopener nofollow\"  title=\"Rabire Afkire\">Rabire Afkire<\/a><div class=\"rplg-stars\" data-info=\"5,google,\"><\/div><div class=\"rplg-review-time rplg-trim\" data-time=\"1786206231\">1786206231<\/div><\/div><\/div><div class=\"rplg-box-content\"><span class=\"rplg-review-text\"><\/span><\/div><span class=\"rplg-review-badge\" data-badge=\"google\"><\/span><\/div><\/div><div class=\"rplg-col rplg-col-3\"><div class=\"rplg-box\"><div class=\"rplg-row\"><div class=\"rplg-row-left\"><img decoding=\"async\" src=\"https:\/\/www.finquesbonallar.com\/wp-content\/plugins\/business-reviews-bundle\/assets\/img\/google_avatar.png\" data-src=\"https:\/\/lh3.googleusercontent.com\/a\/ACg8ocKFqnQ9KHDIyBpmONL2MsR4rhoZtiebkCxBbzVkSl_DStqMSQ=s120-c-rp-mo-s56-br100\" class=\"rplg-review-avatar rplg-blazy\" alt=\"esther boneu\" width=\"56\" height=\"56\" title=\"esther boneu\" onerror=\"if(this.src!='https:\/\/www.finquesbonallar.com\/wp-content\/plugins\/business-reviews-bundle\/assets\/img\/google_avatar.png')this.src='https:\/\/www.finquesbonallar.com\/wp-content\/plugins\/business-reviews-bundle\/assets\/img\/google_avatar.png';\" ><\/div><div class=\"rplg-row-right\"><a href=\"https:\/\/search.google.com\/local\/reviews?placeid=ChIJd3jsADS8pBIRMXSYepw5DPw\" class=\"rplg-review-name rplg-trim\" target=\"_blank\" rel=\"noopener nofollow\"  title=\"esther boneu\">esther boneu<\/a><div class=\"rplg-stars\" data-info=\"5,google,\"><\/div><div class=\"rplg-review-time rplg-trim\" data-time=\"1786011548\">1786011548<\/div><\/div><\/div><div class=\"rplg-box-content\"><span class=\"rplg-review-text\">            Desde el inicio de la compra venta, muy amables, honestas, resolutivas y grandes profesionales. Nos acompa\u00f1aron en el todo proceso de una forma excepcional. Volver\u00eda a trabajar con finques Bonallar sin dudar. Recomendable 100%. Mil gracias Iris, Laura y Mar\u00eda.            <\/span><\/div><span class=\"rplg-review-badge\" data-badge=\"google\"><\/span><\/div><\/div><div class=\"rplg-col rplg-col-3\"><div class=\"rplg-box\"><div class=\"rplg-row\"><div class=\"rplg-row-left\"><img decoding=\"async\" src=\"https:\/\/www.finquesbonallar.com\/wp-content\/plugins\/business-reviews-bundle\/assets\/img\/google_avatar.png\" data-src=\"https:\/\/lh3.googleusercontent.com\/a\/ACg8ocLgxdetV04I_OpHLbYaVDBXji5G54o8HlW-q5TPDXexmI3vNw=s120-c-rp-mo-s56-br100\" class=\"rplg-review-avatar rplg-blazy\" alt=\"Esther Lozano\" width=\"56\" height=\"56\" title=\"Esther Lozano\" onerror=\"if(this.src!='https:\/\/www.finquesbonallar.com\/wp-content\/plugins\/business-reviews-bundle\/assets\/img\/google_avatar.png')this.src='https:\/\/www.finquesbonallar.com\/wp-content\/plugins\/business-reviews-bundle\/assets\/img\/google_avatar.png';\" ><\/div><div class=\"rplg-row-right\"><a href=\"https:\/\/search.google.com\/local\/reviews?placeid=ChIJd3jsADS8pBIRMXSYepw5DPw\" class=\"rplg-review-name rplg-trim\" target=\"_blank\" rel=\"noopener nofollow\"  title=\"Esther Lozano\">Esther Lozano<\/a><div class=\"rplg-stars\" data-info=\"5,google,\"><\/div><div class=\"rplg-review-time rplg-trim\" data-time=\"1785659070\">1785659070<\/div><\/div><\/div><div class=\"rplg-box-content\"><span class=\"rplg-review-text\">            Ha sido un aut\u00e9ntico placer contar con vosotras para la venta de nuestro piso. Siempre hab\u00e9is sido muy cercanas, amables y atentas, acompa\u00f1\u00e1ndonos en todo momento y resolviendo todas las dudas que iban surgiendo durante el proceso. Gracias por hacer que algo tan importante fuera mucho m\u00e1s f\u00e1cil y tranquilo. Os recomendaremos sin dudarlo. \u00a1Mil gracias por todo! &#x2764;&#xfe0f;            <\/span><\/div><span class=\"rplg-review-badge\" data-badge=\"google\"><\/span><\/div><\/div><\/div><\/div><img loading=\"lazy\" decoding=\"async\" src=\"data:image\/gif;base64,R0lGODlhAQABAIAAAAAAAP\/\/\/yH5BAEAAAAALAAAAAABAAEAAAIBRAA7\" alt=\"js_loader\" onload=\"(function(el, args) { var t = setInterval(function () { if (window.rplg_init_grid_theme){ rplg_init_grid_theme(el, args); clearInterval(t); } }, 200); })(this.parentNode);\" data-exec=\"false\" data-func=\"rplg_init_grid_theme\" data-args='' width=\"1\" height=\"1\" style=\"display:none\"><\/div>            <\/div>\n\t\t\t\t\t\t<\/div>\n\t\t\t\t<\/div>\n\t\t\t\t<\/div>\n\t\t\t\t<\/div>\n\t\t\t\t\t<\/div>\n\t\t\t\t<\/div>\n\t\t\t\t<\/div>\n\t\t\t\t<\/div>\n\t\t\t\t\t\t<\/div>\n\t\t\t\t<\/div>\n\t\t\t\t<\/div>\n\t\t<div class=\"elementor-element elementor-element-cfe38f2 e-flex e-con-boxed e-con e-parent\" data-id=\"cfe38f2\" data-element_type=\"container\" data-e-type=\"container\" data-settings=\"{&quot;background_background&quot;:&quot;classic&quot;}\">\n\t\t\t\t\t<div class=\"e-con-inner\">\n\t\t\t\t<div class=\"elementor-element elementor-element-13b94cc1 elementor-widget elementor-widget-heading\" data-id=\"13b94cc1\" data-element_type=\"widget\" data-e-type=\"widget\" data-widget_type=\"heading.default\">\n\t\t\t\t<div class=\"elementor-widget-container\">\n\t\t\t\t\t<h2 class=\"elementor-heading-title elementor-size-default\">Contacta amb nosaltres<\/h2>\t\t\t\t<\/div>\n\t\t\t\t<\/div>\n\t\t\t\t<div class=\"elementor-element elementor-element-40300166 elementor-widget-divider--view-line_icon elementor-view-default elementor-widget-divider--element-align-center elementor-widget elementor-widget-divider\" data-id=\"40300166\" data-element_type=\"widget\" data-e-type=\"widget\" data-widget_type=\"divider.default\">\n\t\t\t\t<div class=\"elementor-widget-container\">\n\t\t\t\t\t\t\t<div class=\"elementor-divider\">\n\t\t\t<span class=\"elementor-divider-separator\">\n\t\t\t\t\t\t\t<div class=\"elementor-icon elementor-divider__element\">\n\t\t\t\t\t<svg aria-hidden=\"true\" class=\"e-font-icon-svg e-fab-wpforms\" viewBox=\"0 0 448 512\" xmlns=\"http:\/\/www.w3.org\/2000\/svg\"><path d=\"M448 75.2v361.7c0 24.3-19 43.2-43.2 43.2H43.2C19.3 480 0 461.4 0 436.8V75.2C0 51.1 18.8 32 43.2 32h361.7c24 0 43.1 18.8 43.1 43.2zm-37.3 361.6V75.2c0-3-2.6-5.8-5.8-5.8h-9.3L285.3 144 224 94.1 162.8 144 52.5 69.3h-9.3c-3.2 0-5.8 2.8-5.8 5.8v361.7c0 3 2.6 5.8 5.8 5.8h361.7c3.2.1 5.8-2.7 5.8-5.8zM150.2 186v37H76.7v-37h73.5zm0 74.4v37.3H76.7v-37.3h73.5zm11.1-147.3l54-43.7H96.8l64.5 43.7zm210 72.9v37h-196v-37h196zm0 74.4v37.3h-196v-37.3h196zm-84.6-147.3l64.5-43.7H232.8l53.9 43.7zM371.3 335v37.3h-99.4V335h99.4z\"><\/path><\/svg><\/div>\n\t\t\t\t\t\t<\/span>\n\t\t<\/div>\n\t\t\t\t\t\t<\/div>\n\t\t\t\t<\/div>\n\t\t\t\t<div class=\"elementor-element elementor-element-473a2284 elementor-widget__width-initial elementor-widget elementor-widget-text-editor\" data-id=\"473a2284\" data-element_type=\"widget\" data-e-type=\"widget\" data-widget_type=\"text-editor.default\">\n\t\t\t\t<div class=\"elementor-widget-container\">\n\t\t\t\t\t\t\t\t\t<p>Amb el seg\u00fcent formulari podr\u00e0s contactar amb nosaltres, fer-nos arribar els teus dubtes o suggeriments, o si desitges rebre m\u00e9s informaci\u00f3 sobre nosaltres, la nostra empresa o qualsevol tipus de consulta. Et respondrem tan aviat com ens sigui possible.<\/p>\t\t\t\t\t\t\t\t<\/div>\n\t\t\t\t<\/div>\n\t\t<div class=\"elementor-element elementor-element-267ab00a e-con-full e-flex e-con e-child\" data-id=\"267ab00a\" data-element_type=\"container\" data-e-type=\"container\">\n\t\t<div class=\"elementor-element elementor-element-7459fdc e-con-full e-flex e-con e-child\" data-id=\"7459fdc\" data-element_type=\"container\" data-e-type=\"container\">\n\t\t\t\t<div class=\"elementor-element elementor-element-73be5957 elementor-widget elementor-widget-google_maps\" data-id=\"73be5957\" data-element_type=\"widget\" data-e-type=\"widget\" data-widget_type=\"google_maps.default\">\n\t\t\t\t<div class=\"elementor-widget-container\">\n\t\t\t\t\t\t\t<div class=\"elementor-custom-embed\">\n\t\t\t<iframe loading=\"lazy\"\n\t\t\t\t\tsrc=\"https:\/\/maps.google.com\/maps?q=Finques%20Bonallar%2C%20Carrer%20Bonavista%2C%2010%2C%20local%204%2C%2008110%20Montcada%20i%20Reixac%2C%20Barcelona&#038;t=m&#038;z=18&#038;output=embed&#038;iwloc=near\"\n\t\t\t\t\ttitle=\"Finques Bonallar, Carrer Bonavista, 10, local 4, 08110 Montcada i Reixac, Barcelona\"\n\t\t\t\t\taria-label=\"Finques Bonallar, Carrer Bonavista, 10, local 4, 08110 Montcada i Reixac, Barcelona\"\n\t\t\t><\/iframe>\n\t\t<\/div>\n\t\t\t\t\t\t<\/div>\n\t\t\t\t<\/div>\n\t\t\t\t<\/div>\n\t\t<div class=\"elementor-element elementor-element-124e5435 e-con-full e-flex e-con e-child\" data-id=\"124e5435\" data-element_type=\"container\" data-e-type=\"container\">\n\t\t\t\t<div class=\"elementor-element elementor-element-14ae6d48 elementor-widget elementor-widget-shortcode\" data-id=\"14ae6d48\" data-element_type=\"widget\" data-e-type=\"widget\" data-widget_type=\"shortcode.default\">\n\t\t\t\t<div class=\"elementor-widget-container\">\n\t\t\t\t\t\t\t<div class=\"elementor-shortcode\">\n<div class=\"wpcf7 no-js\" id=\"wpcf7-f2963-o1\" lang=\"ca\" dir=\"ltr\" data-wpcf7-id=\"2963\">\n<div class=\"screen-reader-response\"><p role=\"status\" aria-live=\"polite\" aria-atomic=\"true\"><\/p> <ul><\/ul><\/div>\n<form action=\"\/ca\/wp-json\/wp\/v2\/pages\/3313#wpcf7-f2963-o1\" method=\"post\" class=\"wpcf7-form init\" aria-label=\"Formulari de contacte\" novalidate=\"novalidate\" data-status=\"init\">\n<fieldset class=\"hidden-fields-container\"><input type=\"hidden\" name=\"_wpcf7\" value=\"2963\" \/><input type=\"hidden\" name=\"_wpcf7_version\" value=\"6.1.5\" \/><input type=\"hidden\" name=\"_wpcf7_locale\" value=\"ca\" \/><input type=\"hidden\" name=\"_wpcf7_unit_tag\" value=\"wpcf7-f2963-o1\" \/><input type=\"hidden\" name=\"_wpcf7_container_post\" value=\"0\" \/><input type=\"hidden\" name=\"_wpcf7_posted_data_hash\" value=\"\" \/>\n<\/fieldset>\n<div class=\"form-container\" style=\"display: flex; flex-wrap: wrap; gap: 20px;\">\n\t<div class=\"form-column\" style=\"flex: 1; min-width: 250px;\">\n\t\t<p><label><br \/>\n<span class=\"wpcf7-form-control-wrap\" data-name=\"your-name\"><input size=\"40\" maxlength=\"400\" class=\"wpcf7-form-control wpcf7-text wpcf7-validates-as-required\" autocomplete=\"name\" aria-required=\"true\" aria-invalid=\"false\" placeholder=\"Nom i cognoms\" value=\"\" type=\"text\" name=\"your-name\" \/><\/span><br \/>\n<\/label>\n\t\t<\/p>\n\t<\/div>\n\t<div class=\"form-column\" style=\"flex: 1; min-width: 250px;\">\n\t\t<p><label><br \/>\n<span class=\"wpcf7-form-control-wrap\" data-name=\"your-email\"><input size=\"40\" maxlength=\"400\" class=\"wpcf7-form-control wpcf7-email wpcf7-validates-as-required wpcf7-text wpcf7-validates-as-email\" autocomplete=\"email\" aria-required=\"true\" aria-invalid=\"false\" placeholder=\"Correu electr\u00f2nic\" value=\"\" type=\"email\" name=\"your-email\" \/><\/span><br \/>\n<\/label>\n\t\t<\/p>\n\t<\/div>\n\t<div class=\"form-column\" style=\"flex: 1; min-width: 250px;\">\n\t\t<p><label><br \/>\n<span class=\"wpcf7-form-control-wrap\" data-name=\"your-phone\"><input size=\"40\" maxlength=\"400\" class=\"wpcf7-form-control wpcf7-tel wpcf7-text wpcf7-validates-as-tel\" aria-invalid=\"false\" placeholder=\"Tel\u00e8fon\" value=\"\" type=\"tel\" name=\"your-phone\" \/><\/span><br \/>\n<\/label>\n\t\t<\/p>\n\t<\/div>\n\t<div class=\"form-column\" style=\"flex: 1; min-width: 250px;\">\n\t\t<p><label><br \/>\n<span class=\"wpcf7-form-control-wrap\" data-name=\"subject-101\"><select class=\"wpcf7-form-control wpcf7-select\" aria-invalid=\"false\" name=\"subject-101\"><option value=\"\">&#8212;Trieu una opci\u00f3&#8212;<\/option><option value=\"Comprar\">Comprar<\/option><option value=\"Vendre\">Vendre<\/option><option value=\"Llogar\">Llogar<\/option><option value=\"Altres\">Altres<\/option><\/select><\/span><br \/>\n<\/label>\n\t\t<\/p>\n\t<\/div>\n<\/div>\n<p><span class=\"wpcf7-form-control-wrap\" data-name=\"your-message\"><textarea cols=\"40\" rows=\"10\" maxlength=\"2000\" class=\"wpcf7-form-control wpcf7-textarea\" aria-invalid=\"false\" placeholder=\"Escriu aqu\u00ed el teu missatge\" name=\"your-message\"><\/textarea><\/span>\n<\/p>\n<p><label><br \/>\n<span class=\"wpcf7-form-control-wrap\" data-name=\"acceptance-policy\"><span class=\"wpcf7-form-control wpcf7-acceptance\"><span class=\"wpcf7-list-item\"><label><input type=\"checkbox\" name=\"acceptance-policy\" value=\"1\" class=\"uli-acceptance-cf7\" aria-invalid=\"false\" \/><span class=\"wpcf7-list-item-label\">He llegit i accepto la<\/span><\/label><\/span><\/span><\/span> <a style=\"font-size:16px; padding-top:2px;\" href=\"https:\/\/www.finquesbonallar.com\/ca\/politica-de-privadesa\/\" target=\"_blank\" rel=\"noopener\">Pol\u00edtica de Privadesa<\/a><br \/>\n<\/label>\n<\/p>\n<div class=\"accordion\">\n\t<details>\n\t\t<summary>Informaci\u00f3 b\u00e0sica sobre protecci\u00f3 de dades\n\t\t<\/summary>\n\t\t<div>\n\t\t\t<p><small><br \/>\n<\/small>\n\t\t\t<\/p>\n\t\t\t<ul>\n\t\t\t\t<li>\n\t\t\t\t\t<p>El responsable del tractament \u00e9s Finques Bonallar.\n\t\t\t\t\t<\/p>\n\t\t\t\t<\/li>\n\t\t\t\t<li>\n\t\t\t\t\t<p>La finalitat \u00e9s gestionar i atendre les sol\u00b7licituds d'informaci\u00f3 i\/o consultes que els usuaris ens envi\u00efn des d'aquest formulari d'atenci\u00f3 al client.\n\t\t\t\t\t<\/p>\n\t\t\t\t<\/li>\n\t\t\t\t<li>\n\t\t\t\t\t<p>No se cedeixen dades a tercers, excepte obligaci\u00f3 legal.\n\t\t\t\t\t<\/p>\n\t\t\t\t<\/li>\n\t\t\t\t<li>\n\t\t\t\t\t<p>T\u00e9 dret a accedir, rectificar\n\t\t\t\t\t<\/p>\n\t\t\t\t<\/li>\n\t\t\t\t<li>\n\t\t\t\t\t<p>la informaci\u00f3 addicional i detallada sobre protecci\u00f3 de dades en aquest <a href=\"https:\/\/www.finquesbonallar.com\/politica-de-privadesa\/\" target=\"_blank\" rel=\"noopener\">ENLLA\u00c7<\/a>.\n\t\t\t\t\t<\/p>\n\t\t\t\t<\/li>\n\t\t\t<\/ul>\n\t\t<\/div>\n\t<\/details>\n<\/div>\n<p><input class=\"wpcf7-form-control wpcf7-submit has-spinner\" type=\"submit\" value=\"Enviar\" \/>\n<\/p><div class=\"wpcf7-response-output\" aria-hidden=\"true\"><\/div>\n<\/form>\n<\/div>\n<\/div>\n\t\t\t\t\t\t<\/div>\n\t\t\t\t<\/div>\n\t\t\t\t<\/div>\n\t\t\t\t<\/div>\n\t\t\t\t\t<\/div>\n\t\t\t\t<\/div>\n\t\t\t\t<\/div>\n\t\t","protected":false},"excerpt":{"rendered":"<p>Comprar pis a Montcada Centre \u2013 La Ribera Cases &#8211; locals &#8211; terrenys &#8211; p\u00e0rquings Est\u00e0s buscant comprar pis a Montcada Centre &#8211; La Ribera? Potser una casa, local, terreny o p\u00e0rquing? A Finques Bonallar t&#8217;oferim la major oferta de immobles en aquests barris de Montcada i Reixac amb la millor atenci\u00f3 i servei. Immobles [&hellip;]<\/p>\n","protected":false},"author":1,"featured_media":0,"parent":0,"menu_order":0,"comment_status":"closed","ping_status":"closed","template":"","meta":{"footnotes":""},"class_list":["post-3313","page","type-page","status-publish","hentry"],"yoast_head":"<!-- This site is optimized with the Yoast SEO plugin v27.6 - https:\/\/yoast.com\/product\/yoast-seo-wordpress\/ -->\n<title>Comprar Pis a Moncada Centre - La Ribera - Cases en Venda<\/title>\n<meta name=\"description\" content=\"Cercant comprar pis a Montcada Centre o La Ribera? T&#039;oferim la major oferta de cases, locals, garatges i terrenys en venda i lloguer\" \/>\n<meta name=\"robots\" content=\"index, follow, max-snippet:-1, max-image-preview:large, max-video-preview:-1\" \/>\n<link rel=\"canonical\" href=\"https:\/\/www.finquesbonallar.com\/ca\/comprar-pis-montcada-centre-la-ribera\/\" \/>\n<meta property=\"og:locale\" content=\"ca_ES\" \/>\n<meta property=\"og:type\" content=\"article\" \/>\n<meta property=\"og:title\" content=\"Comprar Pis a Moncada Centre - La Ribera - Cases en Venda\" \/>\n<meta property=\"og:description\" content=\"Cercant comprar pis a Montcada Centre o La Ribera? T&#039;oferim la major oferta de cases, locals, garatges i terrenys en venda i lloguer\" \/>\n<meta property=\"og:url\" content=\"https:\/\/www.finquesbonallar.com\/ca\/comprar-pis-montcada-centre-la-ribera\/\" \/>\n<meta property=\"og:site_name\" content=\"Finques Bonallar Montcada\" \/>\n<meta property=\"article:publisher\" content=\"https:\/\/www.facebook.com\/FinquesBonallarMiR\" \/>\n<meta property=\"article:modified_time\" content=\"2026-04-15T13:33:56+00:00\" \/>\n<meta name=\"twitter:card\" content=\"summary_large_image\" \/>\n<meta name=\"twitter:label1\" content=\"Temps estimat de lectura\" \/>\n\t<meta name=\"twitter:data1\" content=\"4 minuts\" \/>\n<script type=\"application\/ld+json\" class=\"yoast-schema-graph\">{\"@context\":\"https:\\\/\\\/schema.org\",\"@graph\":[{\"@type\":\"WebPage\",\"@id\":\"https:\\\/\\\/www.finquesbonallar.com\\\/ca\\\/comprar-pis-montcada-centre-la-ribera\\\/\",\"url\":\"https:\\\/\\\/www.finquesbonallar.com\\\/ca\\\/comprar-pis-montcada-centre-la-ribera\\\/\",\"name\":\"Comprar Pis a Moncada Centre - La Ribera - Cases en Venda\",\"isPartOf\":{\"@id\":\"https:\\\/\\\/www.finquesbonallar.com\\\/ca\\\/#website\"},\"datePublished\":\"2024-10-31T09:54:12+00:00\",\"dateModified\":\"2026-04-15T13:33:56+00:00\",\"description\":\"Cercant comprar pis a Montcada Centre o La Ribera? T'oferim la major oferta de cases, locals, garatges i terrenys en venda i lloguer\",\"breadcrumb\":{\"@id\":\"https:\\\/\\\/www.finquesbonallar.com\\\/ca\\\/comprar-pis-montcada-centre-la-ribera\\\/#breadcrumb\"},\"inLanguage\":\"ca\",\"potentialAction\":[{\"@type\":\"ReadAction\",\"target\":[\"https:\\\/\\\/www.finquesbonallar.com\\\/ca\\\/comprar-pis-montcada-centre-la-ribera\\\/\"]}]},{\"@type\":\"BreadcrumbList\",\"@id\":\"https:\\\/\\\/www.finquesbonallar.com\\\/ca\\\/comprar-pis-montcada-centre-la-ribera\\\/#breadcrumb\",\"itemListElement\":[{\"@type\":\"ListItem\",\"position\":1,\"name\":\"Portada\",\"item\":\"https:\\\/\\\/www.finquesbonallar.com\\\/ca\\\/\"},{\"@type\":\"ListItem\",\"position\":2,\"name\":\"Montcada centre \u2013 La Ribera\"}]},{\"@type\":\"WebSite\",\"@id\":\"https:\\\/\\\/www.finquesbonallar.com\\\/ca\\\/#website\",\"url\":\"https:\\\/\\\/www.finquesbonallar.com\\\/ca\\\/\",\"name\":\"Finques Bonallar\",\"description\":\"\",\"publisher\":{\"@id\":\"https:\\\/\\\/www.finquesbonallar.com\\\/ca\\\/#organization\"},\"potentialAction\":[{\"@type\":\"SearchAction\",\"target\":{\"@type\":\"EntryPoint\",\"urlTemplate\":\"https:\\\/\\\/www.finquesbonallar.com\\\/ca\\\/?s={search_term_string}\"},\"query-input\":{\"@type\":\"PropertyValueSpecification\",\"valueRequired\":true,\"valueName\":\"search_term_string\"}}],\"inLanguage\":\"ca\"},{\"@type\":\"Organization\",\"@id\":\"https:\\\/\\\/www.finquesbonallar.com\\\/ca\\\/#organization\",\"name\":\"Finques Bonallar Montcada S.L.\",\"url\":\"https:\\\/\\\/www.finquesbonallar.com\\\/ca\\\/\",\"logo\":{\"@type\":\"ImageObject\",\"inLanguage\":\"ca\",\"@id\":\"https:\\\/\\\/www.finquesbonallar.com\\\/ca\\\/#\\\/schema\\\/logo\\\/image\\\/\",\"url\":\"https:\\\/\\\/www.finquesbonallar.com\\\/wp-content\\\/uploads\\\/2026\\\/04\\\/logo.webp\",\"contentUrl\":\"https:\\\/\\\/www.finquesbonallar.com\\\/wp-content\\\/uploads\\\/2026\\\/04\\\/logo.webp\",\"width\":224,\"height\":224,\"caption\":\"Finques Bonallar Montcada S.L.\"},\"image\":{\"@id\":\"https:\\\/\\\/www.finquesbonallar.com\\\/ca\\\/#\\\/schema\\\/logo\\\/image\\\/\"},\"sameAs\":[\"https:\\\/\\\/www.facebook.com\\\/FinquesBonallarMiR\",\"https:\\\/\\\/www.instagram.com\\\/finquesbonallar\\\/\"]}]}<\/script>\n<!-- \/ Yoast SEO plugin. -->","yoast_head_json":{"title":"Comprar Pis a Moncada Centre - La Ribera - Cases en Venda","description":"Cercant comprar pis a Montcada Centre o La Ribera? T'oferim la major oferta de cases, locals, garatges i terrenys en venda i lloguer","robots":{"index":"index","follow":"follow","max-snippet":"max-snippet:-1","max-image-preview":"max-image-preview:large","max-video-preview":"max-video-preview:-1"},"canonical":"https:\/\/www.finquesbonallar.com\/ca\/comprar-pis-montcada-centre-la-ribera\/","og_locale":"ca_ES","og_type":"article","og_title":"Comprar Pis a Moncada Centre - La Ribera - Cases en Venda","og_description":"Cercant comprar pis a Montcada Centre o La Ribera? T'oferim la major oferta de cases, locals, garatges i terrenys en venda i lloguer","og_url":"https:\/\/www.finquesbonallar.com\/ca\/comprar-pis-montcada-centre-la-ribera\/","og_site_name":"Finques Bonallar Montcada","article_publisher":"https:\/\/www.facebook.com\/FinquesBonallarMiR","article_modified_time":"2026-04-15T13:33:56+00:00","twitter_card":"summary_large_image","twitter_misc":{"Temps estimat de lectura":"4 minuts"},"schema":{"@context":"https:\/\/schema.org","@graph":[{"@type":"WebPage","@id":"https:\/\/www.finquesbonallar.com\/ca\/comprar-pis-montcada-centre-la-ribera\/","url":"https:\/\/www.finquesbonallar.com\/ca\/comprar-pis-montcada-centre-la-ribera\/","name":"Comprar Pis a Moncada Centre - La Ribera - Cases en Venda","isPartOf":{"@id":"https:\/\/www.finquesbonallar.com\/ca\/#website"},"datePublished":"2024-10-31T09:54:12+00:00","dateModified":"2026-04-15T13:33:56+00:00","description":"Cercant comprar pis a Montcada Centre o La Ribera? T'oferim la major oferta de cases, locals, garatges i terrenys en venda i lloguer","breadcrumb":{"@id":"https:\/\/www.finquesbonallar.com\/ca\/comprar-pis-montcada-centre-la-ribera\/#breadcrumb"},"inLanguage":"ca","potentialAction":[{"@type":"ReadAction","target":["https:\/\/www.finquesbonallar.com\/ca\/comprar-pis-montcada-centre-la-ribera\/"]}]},{"@type":"BreadcrumbList","@id":"https:\/\/www.finquesbonallar.com\/ca\/comprar-pis-montcada-centre-la-ribera\/#breadcrumb","itemListElement":[{"@type":"ListItem","position":1,"name":"Portada","item":"https:\/\/www.finquesbonallar.com\/ca\/"},{"@type":"ListItem","position":2,"name":"Montcada centre \u2013 La Ribera"}]},{"@type":"WebSite","@id":"https:\/\/www.finquesbonallar.com\/ca\/#website","url":"https:\/\/www.finquesbonallar.com\/ca\/","name":"Finques Bonallar","description":"","publisher":{"@id":"https:\/\/www.finquesbonallar.com\/ca\/#organization"},"potentialAction":[{"@type":"SearchAction","target":{"@type":"EntryPoint","urlTemplate":"https:\/\/www.finquesbonallar.com\/ca\/?s={search_term_string}"},"query-input":{"@type":"PropertyValueSpecification","valueRequired":true,"valueName":"search_term_string"}}],"inLanguage":"ca"},{"@type":"Organization","@id":"https:\/\/www.finquesbonallar.com\/ca\/#organization","name":"Finques Bonallar Montcada S.L.","url":"https:\/\/www.finquesbonallar.com\/ca\/","logo":{"@type":"ImageObject","inLanguage":"ca","@id":"https:\/\/www.finquesbonallar.com\/ca\/#\/schema\/logo\/image\/","url":"https:\/\/www.finquesbonallar.com\/wp-content\/uploads\/2026\/04\/logo.webp","contentUrl":"https:\/\/www.finquesbonallar.com\/wp-content\/uploads\/2026\/04\/logo.webp","width":224,"height":224,"caption":"Finques Bonallar Montcada S.L."},"image":{"@id":"https:\/\/www.finquesbonallar.com\/ca\/#\/schema\/logo\/image\/"},"sameAs":["https:\/\/www.facebook.com\/FinquesBonallarMiR","https:\/\/www.instagram.com\/finquesbonallar\/"]}]}},"_links":{"self":[{"href":"https:\/\/www.finquesbonallar.com\/ca\/wp-json\/wp\/v2\/pages\/3313","targetHints":{"allow":["GET"]}}],"collection":[{"href":"https:\/\/www.finquesbonallar.com\/ca\/wp-json\/wp\/v2\/pages"}],"about":[{"href":"https:\/\/www.finquesbonallar.com\/ca\/wp-json\/wp\/v2\/types\/page"}],"author":[{"embeddable":true,"href":"https:\/\/www.finquesbonallar.com\/ca\/wp-json\/wp\/v2\/users\/1"}],"replies":[{"embeddable":true,"href":"https:\/\/www.finquesbonallar.com\/ca\/wp-json\/wp\/v2\/comments?post=3313"}],"version-history":[{"count":10,"href":"https:\/\/www.finquesbonallar.com\/ca\/wp-json\/wp\/v2\/pages\/3313\/revisions"}],"predecessor-version":[{"id":3323,"href":"https:\/\/www.finquesbonallar.com\/ca\/wp-json\/wp\/v2\/pages\/3313\/revisions\/3323"}],"wp:attachment":[{"href":"https:\/\/www.finquesbonallar.com\/ca\/wp-json\/wp\/v2\/media?parent=3313"}],"curies":[{"name":"wp","href":"https:\/\/api.w.org\/{rel}","templated":true}]}}