{"id":3180,"date":"2024-10-31T10:59:49","date_gmt":"2024-10-31T09:59:49","guid":{"rendered":"https:\/\/www.finquesbonallar.com\/comprar-casa-reixac-vallensana\/"},"modified":"2026-04-15T11:20:52","modified_gmt":"2026-04-15T09:20:52","slug":"comprar-casa-reixac-vallensana","status":"publish","type":"page","link":"https:\/\/www.finquesbonallar.com\/ca\/comprar-casa-reixac-vallensana\/","title":{"rendered":"Reixac &#8211; Vallensana"},"content":{"rendered":"\t\t<div data-elementor-type=\"wp-page\" data-elementor-id=\"3180\" class=\"elementor elementor-3180 elementor-590\" data-elementor-post-type=\"page\">\n\t\t\t\t<div class=\"elementor-element elementor-element-3ea4cf7f e-con-full e-flex e-con e-parent\" data-id=\"3ea4cf7f\" data-element_type=\"container\" data-e-type=\"container\" data-settings=\"{&quot;background_background&quot;:&quot;classic&quot;}\">\n\t\t<div class=\"elementor-element elementor-element-7ddedde4 e-flex e-con-boxed e-con e-child\" data-id=\"7ddedde4\" data-element_type=\"container\" data-e-type=\"container\">\n\t\t\t\t\t<div class=\"e-con-inner\">\n\t\t\t\t<div class=\"elementor-element elementor-element-6c90a420 elementor-widget elementor-widget-heading\" data-id=\"6c90a420\" data-element_type=\"widget\" data-e-type=\"widget\" data-widget_type=\"heading.default\">\n\t\t\t\t<div class=\"elementor-widget-container\">\n\t\t\t\t\t<h1 class=\"elementor-heading-title elementor-size-default\">Comprar casa a Reixac - Vallensana<\/h1>\t\t\t\t<\/div>\n\t\t\t\t<\/div>\n\t\t\t\t<div class=\"elementor-element elementor-element-feb382f elementor-widget__width-initial elementor-widget elementor-widget-text-editor\" data-id=\"feb382f\" data-element_type=\"widget\" data-e-type=\"widget\" data-widget_type=\"text-editor.default\">\n\t\t\t\t<div class=\"elementor-widget-container\">\n\t\t\t\t\t\t\t\t\t<p>Buscant comprar casa a Reixac o Vallensana? A Finques Bonallar t&#8217;oferim la major oferta de cases i terrenys en venda i lloguer de Montcada<\/p>\t\t\t\t\t\t\t\t<\/div>\n\t\t\t\t<\/div>\n\t\t\t\t\t<\/div>\n\t\t\t\t<\/div>\n\t\t\t\t<\/div>\n\t\t<div class=\"elementor-element elementor-element-d649be3 e-flex e-con-boxed e-con e-parent\" data-id=\"d649be3\" data-element_type=\"container\" data-e-type=\"container\">\n\t\t\t\t\t<div class=\"e-con-inner\">\n\t\t\t\t<div class=\"elementor-element elementor-element-4c5cb019 elementor-widget elementor-widget-heading\" data-id=\"4c5cb019\" data-element_type=\"widget\" data-e-type=\"widget\" data-widget_type=\"heading.default\">\n\t\t\t\t<div class=\"elementor-widget-container\">\n\t\t\t\t\t<h2 class=\"elementor-heading-title elementor-size-default\">Cases i terrenys en venda a Reixac - Vallensana<\/h2>\t\t\t\t<\/div>\n\t\t\t\t<\/div>\n\t\t\t\t<div class=\"elementor-element elementor-element-ccd9e35 elementor-widget elementor-widget-text-editor\" data-id=\"ccd9e35\" data-element_type=\"widget\" data-e-type=\"widget\" data-widget_type=\"text-editor.default\">\n\t\t\t\t<div class=\"elementor-widget-container\">\n\t\t\t\t\t\t\t\t\t<p>[LAmbos KUBE WDFINBONLLARREIXAC]<\/p>\t\t\t\t\t\t\t\t<\/div>\n\t\t\t\t<\/div>\n\t\t\t\t\t<\/div>\n\t\t\t\t<\/div>\n\t\t<div class=\"elementor-element elementor-element-1c501a6 e-flex e-con-boxed e-con e-parent\" data-id=\"1c501a6\" data-element_type=\"container\" data-e-type=\"container\" data-settings=\"{&quot;background_background&quot;:&quot;classic&quot;}\">\n\t\t\t\t\t<div class=\"e-con-inner\">\n\t\t<div class=\"elementor-element elementor-element-3817543 e-con-full e-flex e-con e-child\" data-id=\"3817543\" data-element_type=\"container\" data-e-type=\"container\">\n\t\t<div class=\"elementor-element elementor-element-4d61091 e-con-full e-flex e-con e-child\" data-id=\"4d61091\" data-element_type=\"container\" data-e-type=\"container\">\n\t\t\t\t<div class=\"elementor-element elementor-element-7187ec4 elementor-widget elementor-widget-text-editor\" data-id=\"7187ec4\" data-element_type=\"widget\" data-e-type=\"widget\" data-widget_type=\"text-editor.default\">\n\t\t\t\t<div class=\"elementor-widget-container\">\n\t\t\t\t\t\t\t\t\t<p>Connectem persones amb habitatges!<\/p>\t\t\t\t\t\t\t\t<\/div>\n\t\t\t\t<\/div>\n\t\t\t\t<\/div>\n\t\t<div class=\"elementor-element elementor-element-c924d3b e-con-full e-flex e-con e-child\" data-id=\"c924d3b\" data-element_type=\"container\" data-e-type=\"container\">\n\t\t\t\t<div class=\"elementor-element elementor-element-3786e2c elementor-align-center elementor-widget elementor-widget-button\" data-id=\"3786e2c\" data-element_type=\"widget\" data-e-type=\"widget\" data-widget_type=\"button.default\">\n\t\t\t\t<div class=\"elementor-widget-container\">\n\t\t\t\t\t\t\t\t\t<div class=\"elementor-button-wrapper\">\n\t\t\t\t\t<a class=\"elementor-button elementor-button-link elementor-size-sm\" href=\"#\">\n\t\t\t\t\t\t<span class=\"elementor-button-content-wrapper\">\n\t\t\t\t\t\t\t\t\t<span class=\"elementor-button-text\">\u00a1Contactar ara!<\/span>\n\t\t\t\t\t<\/span>\n\t\t\t\t\t<\/a>\n\t\t\t\t<\/div>\n\t\t\t\t\t\t\t\t<\/div>\n\t\t\t\t<\/div>\n\t\t\t\t<\/div>\n\t\t\t\t<\/div>\n\t\t\t\t\t<\/div>\n\t\t\t\t<\/div>\n\t\t<div class=\"elementor-element elementor-element-ce89666 e-grid e-con-full e-con e-parent\" data-id=\"ce89666\" data-element_type=\"container\" data-e-type=\"container\">\n\t\t<div class=\"elementor-element elementor-element-6778f2fe e-flex e-con-boxed e-con e-child\" data-id=\"6778f2fe\" data-element_type=\"container\" data-e-type=\"container\" data-settings=\"{&quot;background_background&quot;:&quot;classic&quot;}\">\n\t\t\t\t\t<div class=\"e-con-inner\">\n\t\t\t\t\t<\/div>\n\t\t\t\t<\/div>\n\t\t<div class=\"elementor-element elementor-element-661ddca0 e-flex e-con-boxed e-con e-child\" data-id=\"661ddca0\" data-element_type=\"container\" data-e-type=\"container\">\n\t\t\t\t\t<div class=\"e-con-inner\">\n\t\t\t\t<div class=\"elementor-element elementor-element-b5353e1 elementor-widget elementor-widget-heading\" data-id=\"b5353e1\" data-element_type=\"widget\" data-e-type=\"widget\" data-widget_type=\"heading.default\">\n\t\t\t\t<div class=\"elementor-widget-container\">\n\t\t\t\t\t<h2 class=\"elementor-heading-title elementor-size-default\">Per qu\u00e8 viure a Reixac - Vallensana?<\/h2>\t\t\t\t<\/div>\n\t\t\t\t<\/div>\n\t\t\t\t<div class=\"elementor-element elementor-element-ec5574b elementor-widget elementor-widget-text-editor\" data-id=\"ec5574b\" data-element_type=\"widget\" data-e-type=\"widget\" data-widget_type=\"text-editor.default\">\n\t\t\t\t<div class=\"elementor-widget-container\">\n\t\t\t\t\t\t\t\t\t<p><strong>Reixac i Vallensana<\/strong> s\u00f3n dos dels barris m\u00e9s <strong>exclusius i tranquils de Montcada i Reixac<\/strong>, perfectes per als que busquen un <strong>entorn residencial envoltat de natura<\/strong>, per\u00f2 ben connectat amb Barcelona i altres localitats. Situats en zones elevades, a la zona muntanyosa davant del municipi, ofereixen unes <strong>vistes panor\u00e0miques<\/strong> privilegiades i una gran qualitat de vida, combinant privadesa i acc\u00e9s a espais naturals.<\/p><p>Un dels seus grans atractius \u00e9s la pres\u00e8ncia del <strong>Riu Bes\u00f2s<\/strong> i el <strong>Parc Fluvial del Bes\u00f2s<\/strong>, un espai natural perfecte per passejar, fer esport o simplement gaudir de la tranquil\u00b7litat del seu entorn. A m\u00e9s, aquests barris compten principalment <strong>amb cases a quatre vents i terreny<\/strong>, proporcionant \u00e0mplies opcions residencials amb m\u00e9s espai i confort que a altres zones urbanes.<\/p><p>Les connexions amb Barcelona i Badalona s\u00f3n r\u00e0pides gr\u00e0cies a la <strong>Carretera de Vallensana (BV-5011)<\/strong>, que facilita l&#8217;acc\u00e9s a la ciutat en pocs minuts. Aix\u00f2 converteix Reixac i Vallensana en una alternativa ideal per als que busquen un equilibri entre naturalesa i proximitat als principals nuclis urbans.<\/p><p>A Finques Bonallar, el teu <a href=\"https:\/\/www.finquesbonallar.com\/ca\/\">immobili\u00e0ria a Montcada i Reixac<\/a>, t&#8217;oferim un assessorament complet si est\u00e0s interessat en <strong>lloguer<\/strong>, <strong>compra o venda d&#8217;immobles a Vallensana &#8211; Reixac<\/strong>. No dubtis a <a href=\"https:\/\/www.finquesbonallar.com\/ca\/contacte\/\">contactar<\/a> amb nosaltres si est\u00e0s interessat.<\/p>\t\t\t\t\t\t\t\t<\/div>\n\t\t\t\t<\/div>\n\t\t\t\t\t<\/div>\n\t\t\t\t<\/div>\n\t\t<div class=\"elementor-element elementor-element-3f064208 e-flex e-con-boxed e-con e-child\" data-id=\"3f064208\" data-element_type=\"container\" data-e-type=\"container\" data-settings=\"{&quot;background_background&quot;:&quot;classic&quot;}\">\n\t\t\t\t\t<div class=\"e-con-inner\">\n\t\t\t\t<div class=\"elementor-element elementor-element-7005df04 elementor-widget elementor-widget-heading\" data-id=\"7005df04\" data-element_type=\"widget\" data-e-type=\"widget\" data-widget_type=\"heading.default\">\n\t\t\t\t<div class=\"elementor-widget-container\">\n\t\t\t\t\t<h2 class=\"elementor-heading-title elementor-size-default\">Aix\u00ed \u00e9s l\u00b4entorn natural i residencial \u00fanic a prop de Barcelona i Badalona<\/h2>\t\t\t\t<\/div>\n\t\t\t\t<\/div>\n\t\t\t\t<div class=\"elementor-element elementor-element-7142e104 elementor-widget elementor-widget-text-editor\" data-id=\"7142e104\" data-element_type=\"widget\" data-e-type=\"widget\" data-widget_type=\"text-editor.default\">\n\t\t\t\t<div class=\"elementor-widget-container\">\n\t\t\t\t\t\t\t\t\t<p>Reixac i Vallensana destaquen perqu\u00e8 estan envoltats d&#8217;alguns dels <strong>espais naturals m\u00e9s importants del Vall\u00e8s i l&#8217;\u00e0rea metropolitana de Barcelona<\/strong>. El <strong>Parc de la Serralada de Marina<\/strong>, que s&#8217;est\u00e9n fins a Badalona i Santa Coloma de Gramenet, \u00e9s un pulm\u00f3 verd ideal per a senderistes, ciclistes i amants de la natura.<\/p><p>\nTamb\u00e9 a la zona hi ha el <strong>Poblat Ib\u00e8ric de les Maleses<\/strong>, un jaciment arqueol\u00f2gic que ofereix una visi\u00f3 fascinant sobre la hist\u00f2ria dels ibers a la comarca.<\/p><p>Per als amants de l&#8217;esport i l&#8217;oci a l&#8217;aire lliure, a Vallensana hi ha el <strong>Camp de Tir Can Piqu\u00e9<\/strong>, on es poden practicar modalitats com tir al plat i tir amb arc en un entorn natural privilegiat.<\/p>\n<p>Tot i la seva proximitat a Barcelona, Reixac i Vallensana mantenen un ambient residencial tranquil, allunyat del tr\u00e0nsit i l&#8217;estr\u00e8s urb\u00e0. L&#8217;acc\u00e9s a espais naturals, l&#8217;oferta d&#8217;habitatge de qualitat i la bona connexi\u00f3 amb la ciutat fan d&#8217;aquests barris una de les millors opcions per als que busquen tranquil\u00b7litat sense renunciar a la comoditat.<\/p>\t\t\t\t\t\t\t\t<\/div>\n\t\t\t\t<\/div>\n\t\t\t\t\t<\/div>\n\t\t\t\t<\/div>\n\t\t<div class=\"elementor-element elementor-element-1a8e5d47 e-flex e-con-boxed e-con e-child\" data-id=\"1a8e5d47\" data-element_type=\"container\" data-e-type=\"container\" data-settings=\"{&quot;background_background&quot;:&quot;classic&quot;}\">\n\t\t\t\t\t<div class=\"e-con-inner\">\n\t\t\t\t\t<\/div>\n\t\t\t\t<\/div>\n\t\t\t\t<\/div>\n\t\t<div class=\"elementor-element elementor-element-7f27c163 e-con-full e-flex e-con e-parent\" data-id=\"7f27c163\" data-element_type=\"container\" data-e-type=\"container\">\n\t\t\t\t<div class=\"elementor-element elementor-element-298020d4 elementor-widget elementor-widget-template\" data-id=\"298020d4\" data-element_type=\"widget\" data-e-type=\"widget\" data-widget_type=\"template.default\">\n\t\t\t\t<div class=\"elementor-widget-container\">\n\t\t\t\t\t\t\t<div class=\"elementor-template\">\n\t\t\t\t\t<div data-elementor-type=\"container\" data-elementor-id=\"3015\" class=\"elementor elementor-3015 elementor-829 elementor-829\" data-elementor-post-type=\"elementor_library\">\n\t\t\t\t<div class=\"elementor-element elementor-element-559ba4ec e-flex e-con-boxed e-con e-parent\" data-id=\"559ba4ec\" data-element_type=\"container\" data-e-type=\"container\" data-settings=\"{&quot;background_background&quot;:&quot;classic&quot;}\">\n\t\t\t\t\t<div class=\"e-con-inner\">\n\t\t\t\t<div class=\"elementor-element elementor-element-314d3da7 elementor-widget elementor-widget-heading\" data-id=\"314d3da7\" data-element_type=\"widget\" data-e-type=\"widget\" data-widget_type=\"heading.default\">\n\t\t\t\t<div class=\"elementor-widget-container\">\n\t\t\t\t\t<h2 class=\"elementor-heading-title elementor-size-default\">Opinions<\/h2>\t\t\t\t<\/div>\n\t\t\t\t<\/div>\n\t\t\t\t<div class=\"elementor-element elementor-element-4625bb94 elementor-widget-divider--view-line_icon elementor-view-default elementor-widget-divider--element-align-center elementor-widget elementor-widget-divider\" data-id=\"4625bb94\" data-element_type=\"widget\" data-e-type=\"widget\" data-widget_type=\"divider.default\">\n\t\t\t\t<div class=\"elementor-widget-container\">\n\t\t\t\t\t\t\t<div class=\"elementor-divider\">\n\t\t\t<span class=\"elementor-divider-separator\">\n\t\t\t\t\t\t\t<div class=\"elementor-icon elementor-divider__element\">\n\t\t\t\t\t<svg aria-hidden=\"true\" class=\"e-font-icon-svg e-fas-store-alt\" viewBox=\"0 0 640 512\" xmlns=\"http:\/\/www.w3.org\/2000\/svg\"><path d=\"M320 384H128V224H64v256c0 17.7 14.3 32 32 32h256c17.7 0 32-14.3 32-32V224h-64v160zm314.6-241.8l-85.3-128c-6-8.9-16-14.2-26.7-14.2H117.4c-10.7 0-20.7 5.3-26.6 14.2l-85.3 128c-14.2 21.3 1 49.8 26.6 49.8H608c25.5 0 40.7-28.5 26.6-49.8zM512 496c0 8.8 7.2 16 16 16h32c8.8 0 16-7.2 16-16V224h-64v272z\"><\/path><\/svg><\/div>\n\t\t\t\t\t\t<\/span>\n\t\t<\/div>\n\t\t\t\t\t\t<\/div>\n\t\t\t\t<\/div>\n\t\t<div class=\"elementor-element elementor-element-79dc7cc e-con-full e-flex e-con e-child\" data-id=\"79dc7cc\" data-element_type=\"container\" data-e-type=\"container\">\n\t\t<div class=\"elementor-element elementor-element-770d1ca0 e-con-full e-flex e-con e-child\" data-id=\"770d1ca0\" data-element_type=\"container\" data-e-type=\"container\" data-settings=\"{&quot;background_background&quot;:&quot;classic&quot;}\">\n\t\t\t\t<div class=\"elementor-element elementor-element-f43dd76 elementor-widget elementor-widget-shortcode\" data-id=\"f43dd76\" data-element_type=\"widget\" data-e-type=\"widget\" data-widget_type=\"shortcode.default\">\n\t\t\t\t<div class=\"elementor-widget-container\">\n\t\t\t\t\t\t\t<div class=\"elementor-shortcode\">            <div class=\"rplg\" style=\"\" data-id=\"3542\"><div class=\"rplg-grid\"><div class=\"rplg-grid-row rplg-businesses\"><\/div><div class=\"rplg-grid-row rplg-reviews\"><div class=\"rplg-col rplg-col-3\"><div class=\"rplg-box\"><div class=\"rplg-row\"><div class=\"rplg-row-left\"><img decoding=\"async\" src=\"https:\/\/www.finquesbonallar.com\/wp-content\/plugins\/business-reviews-bundle\/assets\/img\/google_avatar.png\" data-src=\"https:\/\/lh3.googleusercontent.com\/a-\/ALV-UjUTVy_EDLSnHYMnbBUoObMDUlFdQwJx5pJM6QvK40mNtJ1PdiQ=s120-c-rp-mo-s56-br100\" class=\"rplg-review-avatar rplg-blazy\" alt=\"Rabire Afkire\" width=\"56\" height=\"56\" title=\"Rabire Afkire\" onerror=\"if(this.src!='https:\/\/www.finquesbonallar.com\/wp-content\/plugins\/business-reviews-bundle\/assets\/img\/google_avatar.png')this.src='https:\/\/www.finquesbonallar.com\/wp-content\/plugins\/business-reviews-bundle\/assets\/img\/google_avatar.png';\" ><\/div><div class=\"rplg-row-right\"><a href=\"https:\/\/search.google.com\/local\/reviews?placeid=ChIJd3jsADS8pBIRMXSYepw5DPw\" class=\"rplg-review-name rplg-trim\" target=\"_blank\" rel=\"noopener nofollow\"  title=\"Rabire Afkire\">Rabire Afkire<\/a><div class=\"rplg-stars\" data-info=\"5,google,\"><\/div><div class=\"rplg-review-time rplg-trim\" data-time=\"1786206231\">1786206231<\/div><\/div><\/div><div class=\"rplg-box-content\"><span class=\"rplg-review-text\"><\/span><\/div><span class=\"rplg-review-badge\" data-badge=\"google\"><\/span><\/div><\/div><div class=\"rplg-col rplg-col-3\"><div class=\"rplg-box\"><div class=\"rplg-row\"><div class=\"rplg-row-left\"><img decoding=\"async\" src=\"https:\/\/www.finquesbonallar.com\/wp-content\/plugins\/business-reviews-bundle\/assets\/img\/google_avatar.png\" data-src=\"https:\/\/lh3.googleusercontent.com\/a\/ACg8ocKFqnQ9KHDIyBpmONL2MsR4rhoZtiebkCxBbzVkSl_DStqMSQ=s120-c-rp-mo-s56-br100\" class=\"rplg-review-avatar rplg-blazy\" alt=\"esther boneu\" width=\"56\" height=\"56\" title=\"esther boneu\" onerror=\"if(this.src!='https:\/\/www.finquesbonallar.com\/wp-content\/plugins\/business-reviews-bundle\/assets\/img\/google_avatar.png')this.src='https:\/\/www.finquesbonallar.com\/wp-content\/plugins\/business-reviews-bundle\/assets\/img\/google_avatar.png';\" ><\/div><div class=\"rplg-row-right\"><a href=\"https:\/\/search.google.com\/local\/reviews?placeid=ChIJd3jsADS8pBIRMXSYepw5DPw\" class=\"rplg-review-name rplg-trim\" target=\"_blank\" rel=\"noopener nofollow\"  title=\"esther boneu\">esther boneu<\/a><div class=\"rplg-stars\" data-info=\"5,google,\"><\/div><div class=\"rplg-review-time rplg-trim\" data-time=\"1786011548\">1786011548<\/div><\/div><\/div><div class=\"rplg-box-content\"><span class=\"rplg-review-text\">            Desde el inicio de la compra venta, muy amables, honestas, resolutivas y grandes profesionales. Nos acompa\u00f1aron en el todo proceso de una forma excepcional. Volver\u00eda a trabajar con finques Bonallar sin dudar. Recomendable 100%. Mil gracias Iris, Laura y Mar\u00eda.            <\/span><\/div><span class=\"rplg-review-badge\" data-badge=\"google\"><\/span><\/div><\/div><div class=\"rplg-col rplg-col-3\"><div class=\"rplg-box\"><div class=\"rplg-row\"><div class=\"rplg-row-left\"><img decoding=\"async\" src=\"https:\/\/www.finquesbonallar.com\/wp-content\/plugins\/business-reviews-bundle\/assets\/img\/google_avatar.png\" data-src=\"https:\/\/lh3.googleusercontent.com\/a\/ACg8ocLgxdetV04I_OpHLbYaVDBXji5G54o8HlW-q5TPDXexmI3vNw=s120-c-rp-mo-s56-br100\" class=\"rplg-review-avatar rplg-blazy\" alt=\"Esther Lozano\" width=\"56\" height=\"56\" title=\"Esther Lozano\" onerror=\"if(this.src!='https:\/\/www.finquesbonallar.com\/wp-content\/plugins\/business-reviews-bundle\/assets\/img\/google_avatar.png')this.src='https:\/\/www.finquesbonallar.com\/wp-content\/plugins\/business-reviews-bundle\/assets\/img\/google_avatar.png';\" ><\/div><div class=\"rplg-row-right\"><a href=\"https:\/\/search.google.com\/local\/reviews?placeid=ChIJd3jsADS8pBIRMXSYepw5DPw\" class=\"rplg-review-name rplg-trim\" target=\"_blank\" rel=\"noopener nofollow\"  title=\"Esther Lozano\">Esther Lozano<\/a><div class=\"rplg-stars\" data-info=\"5,google,\"><\/div><div class=\"rplg-review-time rplg-trim\" data-time=\"1785659070\">1785659070<\/div><\/div><\/div><div class=\"rplg-box-content\"><span class=\"rplg-review-text\">            Ha sido un aut\u00e9ntico placer contar con vosotras para la venta de nuestro piso. Siempre hab\u00e9is sido muy cercanas, amables y atentas, acompa\u00f1\u00e1ndonos en todo momento y resolviendo todas las dudas que iban surgiendo durante el proceso. Gracias por hacer que algo tan importante fuera mucho m\u00e1s f\u00e1cil y tranquilo. Os recomendaremos sin dudarlo. \u00a1Mil gracias por todo! &#x2764;&#xfe0f;            <\/span><\/div><span class=\"rplg-review-badge\" data-badge=\"google\"><\/span><\/div><\/div><\/div><\/div><img loading=\"lazy\" decoding=\"async\" src=\"data:image\/gif;base64,R0lGODlhAQABAIAAAAAAAP\/\/\/yH5BAEAAAAALAAAAAABAAEAAAIBRAA7\" alt=\"js_loader\" onload=\"(function(el, args) { var t = setInterval(function () { if (window.rplg_init_grid_theme){ rplg_init_grid_theme(el, args); clearInterval(t); } }, 200); })(this.parentNode);\" data-exec=\"false\" data-func=\"rplg_init_grid_theme\" data-args='' width=\"1\" height=\"1\" style=\"display:none\"><\/div>            <\/div>\n\t\t\t\t\t\t<\/div>\n\t\t\t\t<\/div>\n\t\t\t\t<\/div>\n\t\t\t\t<\/div>\n\t\t\t\t\t<\/div>\n\t\t\t\t<\/div>\n\t\t\t\t<\/div>\n\t\t\t\t<\/div>\n\t\t\t\t\t\t<\/div>\n\t\t\t\t<\/div>\n\t\t\t\t<\/div>\n\t\t\t\t<\/div>\n\t\t","protected":false},"excerpt":{"rendered":"<p>Comprar casa a Reixac &#8211; Vallensana Buscant comprar casa a Reixac o Vallensana? A Finques Bonallar t&#8217;oferim la major oferta de cases i terrenys en venda i lloguer de Montcada Cases i terrenys en venda a Reixac &#8211; Vallensana [LAmbos KUBE WDFINBONLLARREIXAC] Connectem persones amb habitatges! \u00a1Contactar ara! Per qu\u00e8 viure a Reixac &#8211; Vallensana? [&hellip;]<\/p>\n","protected":false},"author":1,"featured_media":0,"parent":0,"menu_order":0,"comment_status":"closed","ping_status":"closed","template":"","meta":{"footnotes":""},"class_list":["post-3180","page","type-page","status-publish","hentry"],"yoast_head":"<!-- This site is optimized with the Yoast SEO plugin v27.6 - https:\/\/yoast.com\/product\/yoast-seo-wordpress\/ -->\n<title>Comprar casa a Reixac o Vallensana - Terrenys en venda<\/title>\n<meta name=\"description\" content=\"Buscant comprar casa a Reixac o Vallensana? Finques Bonallar t&#039;ofereix la major oferta de cases i terrenys en venda a Montcada\" \/>\n<meta name=\"robots\" content=\"index, follow, max-snippet:-1, max-image-preview:large, max-video-preview:-1\" \/>\n<link rel=\"canonical\" href=\"https:\/\/www.finquesbonallar.com\/ca\/comprar-casa-reixac-vallensana\/\" \/>\n<meta property=\"og:locale\" content=\"ca_ES\" \/>\n<meta property=\"og:type\" content=\"article\" \/>\n<meta property=\"og:title\" content=\"Comprar casa a Reixac o Vallensana - Terrenys en venda\" \/>\n<meta property=\"og:description\" content=\"Buscant comprar casa a Reixac o Vallensana? Finques Bonallar t&#039;ofereix la major oferta de cases i terrenys en venda a Montcada\" \/>\n<meta property=\"og:url\" content=\"https:\/\/www.finquesbonallar.com\/ca\/comprar-casa-reixac-vallensana\/\" \/>\n<meta property=\"og:site_name\" content=\"Finques Bonallar Montcada\" \/>\n<meta property=\"article:publisher\" content=\"https:\/\/www.facebook.com\/FinquesBonallarMiR\" \/>\n<meta property=\"article:modified_time\" content=\"2026-04-15T09:20:52+00:00\" \/>\n<meta name=\"twitter:card\" content=\"summary_large_image\" \/>\n<meta name=\"twitter:label1\" content=\"Temps estimat de lectura\" \/>\n\t<meta name=\"twitter:data1\" content=\"3 minuts\" \/>\n<script type=\"application\/ld+json\" class=\"yoast-schema-graph\">{\"@context\":\"https:\\\/\\\/schema.org\",\"@graph\":[{\"@type\":\"WebPage\",\"@id\":\"https:\\\/\\\/www.finquesbonallar.com\\\/ca\\\/comprar-casa-reixac-vallensana\\\/\",\"url\":\"https:\\\/\\\/www.finquesbonallar.com\\\/ca\\\/comprar-casa-reixac-vallensana\\\/\",\"name\":\"Comprar casa a Reixac o Vallensana - Terrenys en venda\",\"isPartOf\":{\"@id\":\"https:\\\/\\\/www.finquesbonallar.com\\\/ca\\\/#website\"},\"datePublished\":\"2024-10-31T09:59:49+00:00\",\"dateModified\":\"2026-04-15T09:20:52+00:00\",\"description\":\"Buscant comprar casa a Reixac o Vallensana? Finques Bonallar t'ofereix la major oferta de cases i terrenys en venda a Montcada\",\"breadcrumb\":{\"@id\":\"https:\\\/\\\/www.finquesbonallar.com\\\/ca\\\/comprar-casa-reixac-vallensana\\\/#breadcrumb\"},\"inLanguage\":\"ca\",\"potentialAction\":[{\"@type\":\"ReadAction\",\"target\":[\"https:\\\/\\\/www.finquesbonallar.com\\\/ca\\\/comprar-casa-reixac-vallensana\\\/\"]}]},{\"@type\":\"BreadcrumbList\",\"@id\":\"https:\\\/\\\/www.finquesbonallar.com\\\/ca\\\/comprar-casa-reixac-vallensana\\\/#breadcrumb\",\"itemListElement\":[{\"@type\":\"ListItem\",\"position\":1,\"name\":\"Portada\",\"item\":\"https:\\\/\\\/www.finquesbonallar.com\\\/ca\\\/\"},{\"@type\":\"ListItem\",\"position\":2,\"name\":\"Reixac &#8211; Vallensana\"}]},{\"@type\":\"WebSite\",\"@id\":\"https:\\\/\\\/www.finquesbonallar.com\\\/ca\\\/#website\",\"url\":\"https:\\\/\\\/www.finquesbonallar.com\\\/ca\\\/\",\"name\":\"Finques Bonallar\",\"description\":\"\",\"publisher\":{\"@id\":\"https:\\\/\\\/www.finquesbonallar.com\\\/ca\\\/#organization\"},\"potentialAction\":[{\"@type\":\"SearchAction\",\"target\":{\"@type\":\"EntryPoint\",\"urlTemplate\":\"https:\\\/\\\/www.finquesbonallar.com\\\/ca\\\/?s={search_term_string}\"},\"query-input\":{\"@type\":\"PropertyValueSpecification\",\"valueRequired\":true,\"valueName\":\"search_term_string\"}}],\"inLanguage\":\"ca\"},{\"@type\":\"Organization\",\"@id\":\"https:\\\/\\\/www.finquesbonallar.com\\\/ca\\\/#organization\",\"name\":\"Finques Bonallar Montcada S.L.\",\"url\":\"https:\\\/\\\/www.finquesbonallar.com\\\/ca\\\/\",\"logo\":{\"@type\":\"ImageObject\",\"inLanguage\":\"ca\",\"@id\":\"https:\\\/\\\/www.finquesbonallar.com\\\/ca\\\/#\\\/schema\\\/logo\\\/image\\\/\",\"url\":\"https:\\\/\\\/www.finquesbonallar.com\\\/wp-content\\\/uploads\\\/2026\\\/04\\\/logo.webp\",\"contentUrl\":\"https:\\\/\\\/www.finquesbonallar.com\\\/wp-content\\\/uploads\\\/2026\\\/04\\\/logo.webp\",\"width\":224,\"height\":224,\"caption\":\"Finques Bonallar Montcada S.L.\"},\"image\":{\"@id\":\"https:\\\/\\\/www.finquesbonallar.com\\\/ca\\\/#\\\/schema\\\/logo\\\/image\\\/\"},\"sameAs\":[\"https:\\\/\\\/www.facebook.com\\\/FinquesBonallarMiR\",\"https:\\\/\\\/www.instagram.com\\\/finquesbonallar\\\/\"]}]}<\/script>\n<!-- \/ Yoast SEO plugin. -->","yoast_head_json":{"title":"Comprar casa a Reixac o Vallensana - Terrenys en venda","description":"Buscant comprar casa a Reixac o Vallensana? Finques Bonallar t'ofereix la major oferta de cases i terrenys en venda a Montcada","robots":{"index":"index","follow":"follow","max-snippet":"max-snippet:-1","max-image-preview":"max-image-preview:large","max-video-preview":"max-video-preview:-1"},"canonical":"https:\/\/www.finquesbonallar.com\/ca\/comprar-casa-reixac-vallensana\/","og_locale":"ca_ES","og_type":"article","og_title":"Comprar casa a Reixac o Vallensana - Terrenys en venda","og_description":"Buscant comprar casa a Reixac o Vallensana? Finques Bonallar t'ofereix la major oferta de cases i terrenys en venda a Montcada","og_url":"https:\/\/www.finquesbonallar.com\/ca\/comprar-casa-reixac-vallensana\/","og_site_name":"Finques Bonallar Montcada","article_publisher":"https:\/\/www.facebook.com\/FinquesBonallarMiR","article_modified_time":"2026-04-15T09:20:52+00:00","twitter_card":"summary_large_image","twitter_misc":{"Temps estimat de lectura":"3 minuts"},"schema":{"@context":"https:\/\/schema.org","@graph":[{"@type":"WebPage","@id":"https:\/\/www.finquesbonallar.com\/ca\/comprar-casa-reixac-vallensana\/","url":"https:\/\/www.finquesbonallar.com\/ca\/comprar-casa-reixac-vallensana\/","name":"Comprar casa a Reixac o Vallensana - Terrenys en venda","isPartOf":{"@id":"https:\/\/www.finquesbonallar.com\/ca\/#website"},"datePublished":"2024-10-31T09:59:49+00:00","dateModified":"2026-04-15T09:20:52+00:00","description":"Buscant comprar casa a Reixac o Vallensana? Finques Bonallar t'ofereix la major oferta de cases i terrenys en venda a Montcada","breadcrumb":{"@id":"https:\/\/www.finquesbonallar.com\/ca\/comprar-casa-reixac-vallensana\/#breadcrumb"},"inLanguage":"ca","potentialAction":[{"@type":"ReadAction","target":["https:\/\/www.finquesbonallar.com\/ca\/comprar-casa-reixac-vallensana\/"]}]},{"@type":"BreadcrumbList","@id":"https:\/\/www.finquesbonallar.com\/ca\/comprar-casa-reixac-vallensana\/#breadcrumb","itemListElement":[{"@type":"ListItem","position":1,"name":"Portada","item":"https:\/\/www.finquesbonallar.com\/ca\/"},{"@type":"ListItem","position":2,"name":"Reixac &#8211; Vallensana"}]},{"@type":"WebSite","@id":"https:\/\/www.finquesbonallar.com\/ca\/#website","url":"https:\/\/www.finquesbonallar.com\/ca\/","name":"Finques Bonallar","description":"","publisher":{"@id":"https:\/\/www.finquesbonallar.com\/ca\/#organization"},"potentialAction":[{"@type":"SearchAction","target":{"@type":"EntryPoint","urlTemplate":"https:\/\/www.finquesbonallar.com\/ca\/?s={search_term_string}"},"query-input":{"@type":"PropertyValueSpecification","valueRequired":true,"valueName":"search_term_string"}}],"inLanguage":"ca"},{"@type":"Organization","@id":"https:\/\/www.finquesbonallar.com\/ca\/#organization","name":"Finques Bonallar Montcada S.L.","url":"https:\/\/www.finquesbonallar.com\/ca\/","logo":{"@type":"ImageObject","inLanguage":"ca","@id":"https:\/\/www.finquesbonallar.com\/ca\/#\/schema\/logo\/image\/","url":"https:\/\/www.finquesbonallar.com\/wp-content\/uploads\/2026\/04\/logo.webp","contentUrl":"https:\/\/www.finquesbonallar.com\/wp-content\/uploads\/2026\/04\/logo.webp","width":224,"height":224,"caption":"Finques Bonallar Montcada S.L."},"image":{"@id":"https:\/\/www.finquesbonallar.com\/ca\/#\/schema\/logo\/image\/"},"sameAs":["https:\/\/www.facebook.com\/FinquesBonallarMiR","https:\/\/www.instagram.com\/finquesbonallar\/"]}]}},"_links":{"self":[{"href":"https:\/\/www.finquesbonallar.com\/ca\/wp-json\/wp\/v2\/pages\/3180","targetHints":{"allow":["GET"]}}],"collection":[{"href":"https:\/\/www.finquesbonallar.com\/ca\/wp-json\/wp\/v2\/pages"}],"about":[{"href":"https:\/\/www.finquesbonallar.com\/ca\/wp-json\/wp\/v2\/types\/page"}],"author":[{"embeddable":true,"href":"https:\/\/www.finquesbonallar.com\/ca\/wp-json\/wp\/v2\/users\/1"}],"replies":[{"embeddable":true,"href":"https:\/\/www.finquesbonallar.com\/ca\/wp-json\/wp\/v2\/comments?post=3180"}],"version-history":[{"count":19,"href":"https:\/\/www.finquesbonallar.com\/ca\/wp-json\/wp\/v2\/pages\/3180\/revisions"}],"predecessor-version":[{"id":3199,"href":"https:\/\/www.finquesbonallar.com\/ca\/wp-json\/wp\/v2\/pages\/3180\/revisions\/3199"}],"wp:attachment":[{"href":"https:\/\/www.finquesbonallar.com\/ca\/wp-json\/wp\/v2\/media?parent=3180"}],"curies":[{"name":"wp","href":"https:\/\/api.w.org\/{rel}","templated":true}]}}