{"id":3165,"date":"2024-10-30T10:05:28","date_gmt":"2024-10-30T09:05:28","guid":{"rendered":"https:\/\/www.finquesbonallar.com\/inicio\/"},"modified":"2026-04-27T11:41:03","modified_gmt":"2026-04-27T09:41:03","slug":"inici","status":"publish","type":"page","link":"https:\/\/www.finquesbonallar.com\/ca\/","title":{"rendered":"Inici"},"content":{"rendered":"\t\t<div data-elementor-type=\"wp-page\" data-elementor-id=\"3165\" class=\"elementor elementor-3165 elementor-2\" data-elementor-post-type=\"page\">\n\t\t\t\t<div class=\"elementor-element elementor-element-634cb3a6 e-con-full e-flex e-con e-parent\" data-id=\"634cb3a6\" data-element_type=\"container\" data-e-type=\"container\" data-settings=\"{&quot;background_background&quot;:&quot;slideshow&quot;,&quot;background_slideshow_gallery&quot;:[{&quot;id&quot;:2733,&quot;url&quot;:&quot;https:\\\/\\\/www.finquesbonallar.com\\\/wp-content\\\/uploads\\\/2026\\\/02\\\/inmobiliaria-montcada-i-reixac.webp&quot;},{&quot;id&quot;:2735,&quot;url&quot;:&quot;https:\\\/\\\/www.finquesbonallar.com\\\/wp-content\\\/uploads\\\/2026\\\/02\\\/inmobiliaria-finques-bonallar-montcada.webp&quot;},{&quot;id&quot;:2738,&quot;url&quot;:&quot;https:\\\/\\\/www.finquesbonallar.com\\\/wp-content\\\/uploads\\\/2026\\\/02\\\/finques-bonallar-montcada-inmobiliaria.webp&quot;},{&quot;id&quot;:2731,&quot;url&quot;:&quot;https:\\\/\\\/www.finquesbonallar.com\\\/wp-content\\\/uploads\\\/2026\\\/02\\\/inmobiliaria-montcada-i-reixac2.webp&quot;}],&quot;background_slideshow_transition_duration&quot;:1500,&quot;background_slideshow_lazyload&quot;:&quot;yes&quot;,&quot;background_slideshow_ken_burns&quot;:&quot;yes&quot;,&quot;background_slideshow_slide_duration&quot;:4000,&quot;background_slideshow_loop&quot;:&quot;yes&quot;,&quot;background_slideshow_slide_transition&quot;:&quot;fade&quot;,&quot;background_slideshow_ken_burns_zoom_direction&quot;:&quot;in&quot;}\">\n\t\t<div class=\"elementor-element elementor-element-79a9ca2c e-flex e-con-boxed e-con e-child\" data-id=\"79a9ca2c\" data-element_type=\"container\" data-e-type=\"container\">\n\t\t\t\t\t<div class=\"e-con-inner\">\n\t\t\t\t<div class=\"elementor-element elementor-element-7a56adef elementor-widget elementor-widget-heading\" data-id=\"7a56adef\" data-element_type=\"widget\" data-e-type=\"widget\" data-widget_type=\"heading.default\">\n\t\t\t\t<div class=\"elementor-widget-container\">\n\t\t\t\t\t<h1 class=\"elementor-heading-title elementor-size-default\">Immobili\u00e0ria a Montcada i Reixac<\/h1>\t\t\t\t<\/div>\n\t\t\t\t<\/div>\n\t\t\t\t<div class=\"elementor-element elementor-element-433fec9 elementor-widget elementor-widget-heading\" data-id=\"433fec9\" data-element_type=\"widget\" data-e-type=\"widget\" data-widget_type=\"heading.default\">\n\t\t\t\t<div class=\"elementor-widget-container\">\n\t\t\t\t\t<h2 class=\"elementor-heading-title elementor-size-default\">Finques Bonallar\u200b<\/h2>\t\t\t\t<\/div>\n\t\t\t\t<\/div>\n\t\t\t\t<div class=\"elementor-element elementor-element-3780034d elementor-widget__width-initial elementor-widget elementor-widget-text-editor\" data-id=\"3780034d\" data-element_type=\"widget\" data-e-type=\"widget\" data-widget_type=\"text-editor.default\">\n\t\t\t\t<div class=\"elementor-widget-container\">\n\t\t\t\t\t\t\t\t\t<p>Finques Bonallar, la teva <strong>ag\u00e8ncia immobili\u00e0ria a Montcada i Reixac<\/strong> de proximitat, amb la major oferta de pisos, cases, locals, places de garatge i terrenys de Montcada<\/p>\t\t\t\t\t\t\t\t<\/div>\n\t\t\t\t<\/div>\n\t\t\t\t\t<\/div>\n\t\t\t\t<\/div>\n\t\t\t\t<\/div>\n\t\t<div class=\"elementor-element elementor-element-7ca97bf7 e-flex e-con-boxed e-con e-parent\" data-id=\"7ca97bf7\" data-element_type=\"container\" data-e-type=\"container\" data-settings=\"{&quot;background_background&quot;:&quot;classic&quot;}\">\n\t\t\t\t\t<div class=\"e-con-inner\">\n\t\t<div class=\"elementor-element elementor-element-ae98f1f e-con-full e-flex e-con e-child\" data-id=\"ae98f1f\" data-element_type=\"container\" data-e-type=\"container\">\n\t\t\t\t<div class=\"elementor-element elementor-element-6c6e5ca elementor-widget elementor-widget-shortcode\" data-id=\"6c6e5ca\" data-element_type=\"widget\" data-e-type=\"widget\" data-widget_type=\"shortcode.default\">\n\t\t\t\t<div class=\"elementor-widget-container\">\n\t\t\t\t\t\t\t<div class=\"elementor-shortcode\">[BVenta KUBE]\n<\/div>\n\t\t\t\t\t\t<\/div>\n\t\t\t\t<\/div>\n\t\t\t\t<\/div>\n\t\t\t\t\t<\/div>\n\t\t\t\t<\/div>\n\t\t<div class=\"elementor-element elementor-element-93f64c3 e-flex e-con-boxed e-con e-parent\" data-id=\"93f64c3\" data-element_type=\"container\" data-e-type=\"container\">\n\t\t\t\t\t<div class=\"e-con-inner\">\n\t\t\t\t<div class=\"elementor-element elementor-element-114f3a33 elementor-widget elementor-widget-heading\" data-id=\"114f3a33\" data-element_type=\"widget\" data-e-type=\"widget\" data-widget_type=\"heading.default\">\n\t\t\t\t<div class=\"elementor-widget-container\">\n\t\t\t\t\t<h2 class=\"elementor-heading-title elementor-size-default\">\u00daltims immobles en venda o lloguer<\/h2>\t\t\t\t<\/div>\n\t\t\t\t<\/div>\n\t\t\t\t<div class=\"elementor-element elementor-element-2e363a30 elementor-widget elementor-widget-text-editor\" data-id=\"2e363a30\" data-element_type=\"widget\" data-e-type=\"widget\" data-widget_type=\"text-editor.default\">\n\t\t\t\t<div class=\"elementor-widget-container\">\n\t\t\t\t\t\t\t\t\t<p>Compra, ven i lloga el teu immoble a Montcada r\u00e0pida i f\u00e0cilment amb nosaltres. Aqu\u00ed tens algunes de les nostres propietats disponibles a Montcada i Reixac i tot el Vall\u00e8s.<\/p>\t\t\t\t\t\t\t\t<\/div>\n\t\t\t\t<\/div>\n\t\t\t\t\t<\/div>\n\t\t\t\t<\/div>\n\t\t<div class=\"elementor-element elementor-element-4eb9eec e-flex e-con-boxed e-con e-parent\" data-id=\"4eb9eec\" data-element_type=\"container\" data-e-type=\"container\">\n\t\t\t\t\t<div class=\"e-con-inner\">\n\t\t\t\t<div class=\"elementor-element elementor-element-53850596 elementor-widget elementor-widget-text-editor\" data-id=\"53850596\" data-element_type=\"widget\" data-e-type=\"widget\" data-widget_type=\"text-editor.default\">\n\t\t\t\t<div class=\"elementor-widget-container\">\n\t\t\t\t\t\t\t\t\t<p>[Nuevas KUBE]<\/p>\t\t\t\t\t\t\t\t<\/div>\n\t\t\t\t<\/div>\n\t\t\t\t\t<\/div>\n\t\t\t\t<\/div>\n\t\t<div class=\"elementor-element elementor-element-6ff2f63b e-flex e-con-boxed e-con e-parent\" data-id=\"6ff2f63b\" data-element_type=\"container\" data-e-type=\"container\" data-settings=\"{&quot;background_background&quot;:&quot;classic&quot;}\">\n\t\t\t\t\t<div class=\"e-con-inner\">\n\t\t<div class=\"elementor-element elementor-element-3e7ac77a e-con-full e-flex e-con e-child\" data-id=\"3e7ac77a\" data-element_type=\"container\" data-e-type=\"container\">\n\t\t<div class=\"elementor-element elementor-element-43176369 e-con-full e-flex e-con e-child\" data-id=\"43176369\" data-element_type=\"container\" data-e-type=\"container\">\n\t\t\t\t<div class=\"elementor-element elementor-element-756562d4 elementor-widget elementor-widget-text-editor\" data-id=\"756562d4\" data-element_type=\"widget\" data-e-type=\"widget\" data-widget_type=\"text-editor.default\">\n\t\t\t\t<div class=\"elementor-widget-container\">\n\t\t\t\t\t\t\t\t\t<p>Connectem persones amb habitatges!<\/p>\t\t\t\t\t\t\t\t<\/div>\n\t\t\t\t<\/div>\n\t\t\t\t<\/div>\n\t\t<div class=\"elementor-element elementor-element-3ea62d38 e-con-full e-flex e-con e-child\" data-id=\"3ea62d38\" data-element_type=\"container\" data-e-type=\"container\">\n\t\t\t\t<div class=\"elementor-element elementor-element-6b269144 elementor-align-center elementor-widget elementor-widget-button\" data-id=\"6b269144\" data-element_type=\"widget\" data-e-type=\"widget\" data-widget_type=\"button.default\">\n\t\t\t\t<div class=\"elementor-widget-container\">\n\t\t\t\t\t\t\t\t\t<div class=\"elementor-button-wrapper\">\n\t\t\t\t\t<a class=\"elementor-button elementor-button-link elementor-size-sm\" href=\"https:\/\/www.finquesbonallar.com\/ca\/contacte\/\">\n\t\t\t\t\t\t<span class=\"elementor-button-content-wrapper\">\n\t\t\t\t\t\t\t\t\t<span class=\"elementor-button-text\">\u00a1Contactar ahora!<\/span>\n\t\t\t\t\t<\/span>\n\t\t\t\t\t<\/a>\n\t\t\t\t<\/div>\n\t\t\t\t\t\t\t\t<\/div>\n\t\t\t\t<\/div>\n\t\t\t\t<\/div>\n\t\t\t\t<\/div>\n\t\t\t\t\t<\/div>\n\t\t\t\t<\/div>\n\t\t<div class=\"elementor-element elementor-element-4b032757 e-grid e-con-full e-con e-parent\" data-id=\"4b032757\" data-element_type=\"container\" data-e-type=\"container\">\n\t\t<div class=\"elementor-element elementor-element-6192ea38 e-flex e-con-boxed e-con e-child\" data-id=\"6192ea38\" data-element_type=\"container\" data-e-type=\"container\" data-settings=\"{&quot;background_background&quot;:&quot;classic&quot;}\">\n\t\t\t\t\t<div class=\"e-con-inner\">\n\t\t\t\t\t<\/div>\n\t\t\t\t<\/div>\n\t\t<div class=\"elementor-element elementor-element-6243decd e-flex e-con-boxed e-con e-child\" data-id=\"6243decd\" data-element_type=\"container\" data-e-type=\"container\">\n\t\t\t\t\t<div class=\"e-con-inner\">\n\t\t\t\t<div class=\"elementor-element elementor-element-4400eae elementor-widget elementor-widget-heading\" data-id=\"4400eae\" data-element_type=\"widget\" data-e-type=\"widget\" data-widget_type=\"heading.default\">\n\t\t\t\t<div class=\"elementor-widget-container\">\n\t\t\t\t\t<h2 class=\"elementor-heading-title elementor-size-default\">Servei personalitzat immobiliari a Montcada i Reixac<\/h2>\t\t\t\t<\/div>\n\t\t\t\t<\/div>\n\t\t\t\t<div class=\"elementor-element elementor-element-f5a1efb elementor-widget elementor-widget-text-editor\" data-id=\"f5a1efb\" data-element_type=\"widget\" data-e-type=\"widget\" data-widget_type=\"text-editor.default\">\n\t\t\t\t<div class=\"elementor-widget-container\">\n\t\t\t\t\t\t\t\t\t<p>Est\u00e0 cansat de les immobili\u00e0ries convencionals? Cansat de dobles comissions? Comissions abusives fins i tot? Un tracte massa agressiu potser? I que nom\u00e9s mirin pels diners i el benefici? S&#8217;ha acabat!<\/p><p>A Finques Bonallar destaquem per la nostra transpar\u00e8ncia, el nostre tracte proper i per donar-vos la millor atenci\u00f3 personalitzada amb cadascun de vosaltres.<\/p><p>Gr\u00e0cies a aix\u00f2 ia la vostra confian\u00e7a ens hem convertit en una gran fam\u00edlia.<\/p>\t\t\t\t\t\t\t\t<\/div>\n\t\t\t\t<\/div>\n\t\t\t\t\t<\/div>\n\t\t\t\t<\/div>\n\t\t<div class=\"elementor-element elementor-element-113acc22 e-flex e-con-boxed e-con e-child\" data-id=\"113acc22\" data-element_type=\"container\" data-e-type=\"container\">\n\t\t\t\t\t<div class=\"e-con-inner\">\n\t\t\t\t<div class=\"elementor-element elementor-element-23421dcd elementor-widget elementor-widget-heading\" data-id=\"23421dcd\" data-element_type=\"widget\" data-e-type=\"widget\" data-widget_type=\"heading.default\">\n\t\t\t\t<div class=\"elementor-widget-container\">\n\t\t\t\t\t<h2 class=\"elementor-heading-title elementor-size-default\">L'oferta m\u00e9s gran d'immobles de Montcada<\/h2>\t\t\t\t<\/div>\n\t\t\t\t<\/div>\n\t\t\t\t<div class=\"elementor-element elementor-element-1468322c elementor-widget elementor-widget-text-editor\" data-id=\"1468322c\" data-element_type=\"widget\" data-e-type=\"widget\" data-widget_type=\"text-editor.default\">\n\t\t\t\t<div class=\"elementor-widget-container\">\n\t\t\t\t\t\t\t\t\t<p>Encara us van picant als timbres preguntant si veneu el pis o sabeu d&#8217;algun pis que estigui a la venda? Aquesta sortosament, no \u00e9s la nostra manera de treballar.<\/p><p>A Finques Bonallar ens caracteritzem pel nostre tracte proper i per fer-vos sentir com a casa, per aix\u00f2, no ens cal anar fent porta freda, els clients veniu a anunciar els vostres immobles amb nosaltres recomanats pels vostres amics, coneguts i familiars, i \u00e9s per aix\u00f2 que avui tenim la major oferta d&#8217;immobles a Montcada i Reixac.<\/p>\t\t\t\t\t\t\t\t<\/div>\n\t\t\t\t<\/div>\n\t\t\t\t\t<\/div>\n\t\t\t\t<\/div>\n\t\t<div class=\"elementor-element elementor-element-5784a2ec e-flex e-con-boxed e-con e-child\" data-id=\"5784a2ec\" data-element_type=\"container\" data-e-type=\"container\" data-settings=\"{&quot;background_background&quot;:&quot;classic&quot;}\">\n\t\t\t\t\t<div class=\"e-con-inner\">\n\t\t\t\t\t<\/div>\n\t\t\t\t<\/div>\n\t\t\t\t<\/div>\n\t\t<div class=\"elementor-element elementor-element-0d37fea e-con-full e-flex e-con e-parent\" data-id=\"0d37fea\" data-element_type=\"container\" data-e-type=\"container\">\n\t\t\t\t<div class=\"elementor-element elementor-element-d997368 elementor-widget elementor-widget-template\" data-id=\"d997368\" data-element_type=\"widget\" data-e-type=\"widget\" data-widget_type=\"template.default\">\n\t\t\t\t<div class=\"elementor-widget-container\">\n\t\t\t\t\t\t\t<div class=\"elementor-template\">\n\t\t\t\t\t<div data-elementor-type=\"container\" data-elementor-id=\"3015\" class=\"elementor elementor-3015 elementor-829 elementor-829\" data-elementor-post-type=\"elementor_library\">\n\t\t\t\t<div class=\"elementor-element elementor-element-559ba4ec e-flex e-con-boxed e-con e-parent\" data-id=\"559ba4ec\" data-element_type=\"container\" data-e-type=\"container\" data-settings=\"{&quot;background_background&quot;:&quot;classic&quot;}\">\n\t\t\t\t\t<div class=\"e-con-inner\">\n\t\t\t\t<div class=\"elementor-element elementor-element-314d3da7 elementor-widget elementor-widget-heading\" data-id=\"314d3da7\" data-element_type=\"widget\" data-e-type=\"widget\" data-widget_type=\"heading.default\">\n\t\t\t\t<div class=\"elementor-widget-container\">\n\t\t\t\t\t<h2 class=\"elementor-heading-title elementor-size-default\">Opinions<\/h2>\t\t\t\t<\/div>\n\t\t\t\t<\/div>\n\t\t\t\t<div class=\"elementor-element elementor-element-4625bb94 elementor-widget-divider--view-line_icon elementor-view-default elementor-widget-divider--element-align-center elementor-widget elementor-widget-divider\" data-id=\"4625bb94\" data-element_type=\"widget\" data-e-type=\"widget\" data-widget_type=\"divider.default\">\n\t\t\t\t<div class=\"elementor-widget-container\">\n\t\t\t\t\t\t\t<div class=\"elementor-divider\">\n\t\t\t<span class=\"elementor-divider-separator\">\n\t\t\t\t\t\t\t<div class=\"elementor-icon elementor-divider__element\">\n\t\t\t\t\t<svg aria-hidden=\"true\" class=\"e-font-icon-svg e-fas-store-alt\" viewBox=\"0 0 640 512\" xmlns=\"http:\/\/www.w3.org\/2000\/svg\"><path d=\"M320 384H128V224H64v256c0 17.7 14.3 32 32 32h256c17.7 0 32-14.3 32-32V224h-64v160zm314.6-241.8l-85.3-128c-6-8.9-16-14.2-26.7-14.2H117.4c-10.7 0-20.7 5.3-26.6 14.2l-85.3 128c-14.2 21.3 1 49.8 26.6 49.8H608c25.5 0 40.7-28.5 26.6-49.8zM512 496c0 8.8 7.2 16 16 16h32c8.8 0 16-7.2 16-16V224h-64v272z\"><\/path><\/svg><\/div>\n\t\t\t\t\t\t<\/span>\n\t\t<\/div>\n\t\t\t\t\t\t<\/div>\n\t\t\t\t<\/div>\n\t\t<div class=\"elementor-element elementor-element-79dc7cc e-con-full e-flex e-con e-child\" data-id=\"79dc7cc\" data-element_type=\"container\" data-e-type=\"container\">\n\t\t<div class=\"elementor-element elementor-element-770d1ca0 e-con-full e-flex e-con e-child\" data-id=\"770d1ca0\" data-element_type=\"container\" data-e-type=\"container\" data-settings=\"{&quot;background_background&quot;:&quot;classic&quot;}\">\n\t\t\t\t<div class=\"elementor-element elementor-element-f43dd76 elementor-widget elementor-widget-shortcode\" data-id=\"f43dd76\" data-element_type=\"widget\" data-e-type=\"widget\" data-widget_type=\"shortcode.default\">\n\t\t\t\t<div class=\"elementor-widget-container\">\n\t\t\t\t\t\t\t<div class=\"elementor-shortcode\">            <div class=\"rplg\" style=\"\" data-id=\"3542\"><div class=\"rplg-grid\"><div class=\"rplg-grid-row rplg-businesses\"><\/div><div class=\"rplg-grid-row rplg-reviews\"><div class=\"rplg-col rplg-col-3\"><div class=\"rplg-box\"><div class=\"rplg-row\"><div class=\"rplg-row-left\"><img decoding=\"async\" src=\"https:\/\/www.finquesbonallar.com\/wp-content\/plugins\/business-reviews-bundle\/assets\/img\/google_avatar.png\" data-src=\"https:\/\/lh3.googleusercontent.com\/a-\/ALV-UjUTVy_EDLSnHYMnbBUoObMDUlFdQwJx5pJM6QvK40mNtJ1PdiQ=s120-c-rp-mo-s56-br100\" class=\"rplg-review-avatar rplg-blazy\" alt=\"Rabire Afkire\" width=\"56\" height=\"56\" title=\"Rabire Afkire\" onerror=\"if(this.src!='https:\/\/www.finquesbonallar.com\/wp-content\/plugins\/business-reviews-bundle\/assets\/img\/google_avatar.png')this.src='https:\/\/www.finquesbonallar.com\/wp-content\/plugins\/business-reviews-bundle\/assets\/img\/google_avatar.png';\" ><\/div><div class=\"rplg-row-right\"><a href=\"https:\/\/search.google.com\/local\/reviews?placeid=ChIJd3jsADS8pBIRMXSYepw5DPw\" class=\"rplg-review-name rplg-trim\" target=\"_blank\" rel=\"noopener nofollow\"  title=\"Rabire Afkire\">Rabire Afkire<\/a><div class=\"rplg-stars\" data-info=\"5,google,\"><\/div><div class=\"rplg-review-time rplg-trim\" data-time=\"1786206231\">1786206231<\/div><\/div><\/div><div class=\"rplg-box-content\"><span class=\"rplg-review-text\"><\/span><\/div><span class=\"rplg-review-badge\" data-badge=\"google\"><\/span><\/div><\/div><div class=\"rplg-col rplg-col-3\"><div class=\"rplg-box\"><div class=\"rplg-row\"><div class=\"rplg-row-left\"><img decoding=\"async\" src=\"https:\/\/www.finquesbonallar.com\/wp-content\/plugins\/business-reviews-bundle\/assets\/img\/google_avatar.png\" data-src=\"https:\/\/lh3.googleusercontent.com\/a\/ACg8ocKFqnQ9KHDIyBpmONL2MsR4rhoZtiebkCxBbzVkSl_DStqMSQ=s120-c-rp-mo-s56-br100\" class=\"rplg-review-avatar rplg-blazy\" alt=\"esther boneu\" width=\"56\" height=\"56\" title=\"esther boneu\" onerror=\"if(this.src!='https:\/\/www.finquesbonallar.com\/wp-content\/plugins\/business-reviews-bundle\/assets\/img\/google_avatar.png')this.src='https:\/\/www.finquesbonallar.com\/wp-content\/plugins\/business-reviews-bundle\/assets\/img\/google_avatar.png';\" ><\/div><div class=\"rplg-row-right\"><a href=\"https:\/\/search.google.com\/local\/reviews?placeid=ChIJd3jsADS8pBIRMXSYepw5DPw\" class=\"rplg-review-name rplg-trim\" target=\"_blank\" rel=\"noopener nofollow\"  title=\"esther boneu\">esther boneu<\/a><div class=\"rplg-stars\" data-info=\"5,google,\"><\/div><div class=\"rplg-review-time rplg-trim\" data-time=\"1786011548\">1786011548<\/div><\/div><\/div><div class=\"rplg-box-content\"><span class=\"rplg-review-text\">            Desde el inicio de la compra venta, muy amables, honestas, resolutivas y grandes profesionales. Nos acompa\u00f1aron en el todo proceso de una forma excepcional. Volver\u00eda a trabajar con finques Bonallar sin dudar. Recomendable 100%. Mil gracias Iris, Laura y Mar\u00eda.            <\/span><\/div><span class=\"rplg-review-badge\" data-badge=\"google\"><\/span><\/div><\/div><div class=\"rplg-col rplg-col-3\"><div class=\"rplg-box\"><div class=\"rplg-row\"><div class=\"rplg-row-left\"><img decoding=\"async\" src=\"https:\/\/www.finquesbonallar.com\/wp-content\/plugins\/business-reviews-bundle\/assets\/img\/google_avatar.png\" data-src=\"https:\/\/lh3.googleusercontent.com\/a\/ACg8ocLgxdetV04I_OpHLbYaVDBXji5G54o8HlW-q5TPDXexmI3vNw=s120-c-rp-mo-s56-br100\" class=\"rplg-review-avatar rplg-blazy\" alt=\"Esther Lozano\" width=\"56\" height=\"56\" title=\"Esther Lozano\" onerror=\"if(this.src!='https:\/\/www.finquesbonallar.com\/wp-content\/plugins\/business-reviews-bundle\/assets\/img\/google_avatar.png')this.src='https:\/\/www.finquesbonallar.com\/wp-content\/plugins\/business-reviews-bundle\/assets\/img\/google_avatar.png';\" ><\/div><div class=\"rplg-row-right\"><a href=\"https:\/\/search.google.com\/local\/reviews?placeid=ChIJd3jsADS8pBIRMXSYepw5DPw\" class=\"rplg-review-name rplg-trim\" target=\"_blank\" rel=\"noopener nofollow\"  title=\"Esther Lozano\">Esther Lozano<\/a><div class=\"rplg-stars\" data-info=\"5,google,\"><\/div><div class=\"rplg-review-time rplg-trim\" data-time=\"1785659070\">1785659070<\/div><\/div><\/div><div class=\"rplg-box-content\"><span class=\"rplg-review-text\">            Ha sido un aut\u00e9ntico placer contar con vosotras para la venta de nuestro piso. Siempre hab\u00e9is sido muy cercanas, amables y atentas, acompa\u00f1\u00e1ndonos en todo momento y resolviendo todas las dudas que iban surgiendo durante el proceso. Gracias por hacer que algo tan importante fuera mucho m\u00e1s f\u00e1cil y tranquilo. Os recomendaremos sin dudarlo. \u00a1Mil gracias por todo! &#x2764;&#xfe0f;            <\/span><\/div><span class=\"rplg-review-badge\" data-badge=\"google\"><\/span><\/div><\/div><\/div><\/div><img loading=\"lazy\" decoding=\"async\" src=\"data:image\/gif;base64,R0lGODlhAQABAIAAAAAAAP\/\/\/yH5BAEAAAAALAAAAAABAAEAAAIBRAA7\" alt=\"js_loader\" onload=\"(function(el, args) { var t = setInterval(function () { if (window.rplg_init_grid_theme){ rplg_init_grid_theme(el, args); clearInterval(t); } }, 200); })(this.parentNode);\" data-exec=\"false\" data-func=\"rplg_init_grid_theme\" data-args='' width=\"1\" height=\"1\" style=\"display:none\"><\/div>            <\/div>\n\t\t\t\t\t\t<\/div>\n\t\t\t\t<\/div>\n\t\t\t\t<\/div>\n\t\t\t\t<\/div>\n\t\t\t\t\t<\/div>\n\t\t\t\t<\/div>\n\t\t\t\t<\/div>\n\t\t\t\t<\/div>\n\t\t\t\t\t\t<\/div>\n\t\t\t\t<\/div>\n\t\t\t\t<\/div>\n\t\t<div class=\"elementor-element elementor-element-689c77e9 e-flex e-con-boxed e-con e-parent\" data-id=\"689c77e9\" data-element_type=\"container\" data-e-type=\"container\">\n\t\t\t\t\t<div class=\"e-con-inner\">\n\t\t<div class=\"elementor-element elementor-element-491c843e e-con-full e-flex e-con e-child\" data-id=\"491c843e\" data-element_type=\"container\" data-e-type=\"container\">\n\t\t\t\t<div class=\"elementor-element elementor-element-63116f63 elementor-widget elementor-widget-heading\" data-id=\"63116f63\" data-element_type=\"widget\" data-e-type=\"widget\" data-widget_type=\"heading.default\">\n\t\t\t\t<div class=\"elementor-widget-container\">\n\t\t\t\t\t<h2 class=\"elementor-heading-title elementor-size-default\">Perqu\u00e8 Finques Bonallar \u00e9s la teva ag\u00e8ncia immobili\u00e0ria a Montcada?<\/h2>\t\t\t\t<\/div>\n\t\t\t\t<\/div>\n\t\t\t\t<div class=\"elementor-element elementor-element-56fc640e elementor-widget-divider--view-line_icon elementor-view-default elementor-widget-divider--element-align-center elementor-widget elementor-widget-divider\" data-id=\"56fc640e\" data-element_type=\"widget\" data-e-type=\"widget\" data-widget_type=\"divider.default\">\n\t\t\t\t<div class=\"elementor-widget-container\">\n\t\t\t\t\t\t\t<div class=\"elementor-divider\">\n\t\t\t<span class=\"elementor-divider-separator\">\n\t\t\t\t\t\t\t<div class=\"elementor-icon elementor-divider__element\">\n\t\t\t\t\t<svg aria-hidden=\"true\" class=\"e-font-icon-svg e-far-building\" viewBox=\"0 0 448 512\" xmlns=\"http:\/\/www.w3.org\/2000\/svg\"><path d=\"M128 148v-40c0-6.6 5.4-12 12-12h40c6.6 0 12 5.4 12 12v40c0 6.6-5.4 12-12 12h-40c-6.6 0-12-5.4-12-12zm140 12h40c6.6 0 12-5.4 12-12v-40c0-6.6-5.4-12-12-12h-40c-6.6 0-12 5.4-12 12v40c0 6.6 5.4 12 12 12zm-128 96h40c6.6 0 12-5.4 12-12v-40c0-6.6-5.4-12-12-12h-40c-6.6 0-12 5.4-12 12v40c0 6.6 5.4 12 12 12zm128 0h40c6.6 0 12-5.4 12-12v-40c0-6.6-5.4-12-12-12h-40c-6.6 0-12 5.4-12 12v40c0 6.6 5.4 12 12 12zm-76 84v-40c0-6.6-5.4-12-12-12h-40c-6.6 0-12 5.4-12 12v40c0 6.6 5.4 12 12 12h40c6.6 0 12-5.4 12-12zm76 12h40c6.6 0 12-5.4 12-12v-40c0-6.6-5.4-12-12-12h-40c-6.6 0-12 5.4-12 12v40c0 6.6 5.4 12 12 12zm180 124v36H0v-36c0-6.6 5.4-12 12-12h19.5V24c0-13.3 10.7-24 24-24h337c13.3 0 24 10.7 24 24v440H436c6.6 0 12 5.4 12 12zM79.5 463H192v-67c0-6.6 5.4-12 12-12h40c6.6 0 12 5.4 12 12v67h112.5V49L80 48l-.5 415z\"><\/path><\/svg><\/div>\n\t\t\t\t\t\t<\/span>\n\t\t<\/div>\n\t\t\t\t\t\t<\/div>\n\t\t\t\t<\/div>\n\t\t\t\t<div class=\"elementor-element elementor-element-2e966ca3 elementor-widget elementor-widget-text-editor\" data-id=\"2e966ca3\" data-element_type=\"widget\" data-e-type=\"widget\" data-widget_type=\"text-editor.default\">\n\t\t\t\t<div class=\"elementor-widget-container\">\n\t\t\t\t\t\t\t\t\t<p style=\"text-align: center;\">No ho diem nosaltres ho diuen els nostres clients amb les seves ressenyes i agra\u00efments.<\/p><p style=\"text-align: center;\">Confia en els petits negocis, locals del poble de tota la vida. Junts fem poble. Gr\u00e0cies per triar-nos sempre.<\/p>\t\t\t\t\t\t\t\t<\/div>\n\t\t\t\t<\/div>\n\t\t\t\t<\/div>\n\t\t\t\t\t<\/div>\n\t\t\t\t<\/div>\n\t\t<div class=\"elementor-element elementor-element-c6b5ed8 e-flex e-con-boxed e-con e-parent\" data-id=\"c6b5ed8\" data-element_type=\"container\" data-e-type=\"container\" data-settings=\"{&quot;background_background&quot;:&quot;classic&quot;}\">\n\t\t\t\t\t<div class=\"e-con-inner\">\n\t\t\t\t<div class=\"elementor-element elementor-element-9e27063 elementor-widget elementor-widget-heading\" data-id=\"9e27063\" data-element_type=\"widget\" data-e-type=\"widget\" data-widget_type=\"heading.default\">\n\t\t\t\t<div class=\"elementor-widget-container\">\n\t\t\t\t\t<h2 class=\"elementor-heading-title elementor-size-default\">Contacta amb nosaltres<\/h2>\t\t\t\t<\/div>\n\t\t\t\t<\/div>\n\t\t\t\t<div class=\"elementor-element elementor-element-f483924 elementor-widget-divider--view-line_icon elementor-view-default elementor-widget-divider--element-align-center elementor-widget elementor-widget-divider\" data-id=\"f483924\" data-element_type=\"widget\" data-e-type=\"widget\" data-widget_type=\"divider.default\">\n\t\t\t\t<div class=\"elementor-widget-container\">\n\t\t\t\t\t\t\t<div class=\"elementor-divider\">\n\t\t\t<span class=\"elementor-divider-separator\">\n\t\t\t\t\t\t\t<div class=\"elementor-icon elementor-divider__element\">\n\t\t\t\t\t<svg aria-hidden=\"true\" class=\"e-font-icon-svg e-fab-wpforms\" viewBox=\"0 0 448 512\" xmlns=\"http:\/\/www.w3.org\/2000\/svg\"><path d=\"M448 75.2v361.7c0 24.3-19 43.2-43.2 43.2H43.2C19.3 480 0 461.4 0 436.8V75.2C0 51.1 18.8 32 43.2 32h361.7c24 0 43.1 18.8 43.1 43.2zm-37.3 361.6V75.2c0-3-2.6-5.8-5.8-5.8h-9.3L285.3 144 224 94.1 162.8 144 52.5 69.3h-9.3c-3.2 0-5.8 2.8-5.8 5.8v361.7c0 3 2.6 5.8 5.8 5.8h361.7c3.2.1 5.8-2.7 5.8-5.8zM150.2 186v37H76.7v-37h73.5zm0 74.4v37.3H76.7v-37.3h73.5zm11.1-147.3l54-43.7H96.8l64.5 43.7zm210 72.9v37h-196v-37h196zm0 74.4v37.3h-196v-37.3h196zm-84.6-147.3l64.5-43.7H232.8l53.9 43.7zM371.3 335v37.3h-99.4V335h99.4z\"><\/path><\/svg><\/div>\n\t\t\t\t\t\t<\/span>\n\t\t<\/div>\n\t\t\t\t\t\t<\/div>\n\t\t\t\t<\/div>\n\t\t<div class=\"elementor-element elementor-element-938d499 e-con-full e-flex e-con e-child\" data-id=\"938d499\" data-element_type=\"container\" data-e-type=\"container\">\n\t\t<div class=\"elementor-element elementor-element-b63a7ae e-con-full e-flex e-con e-child\" data-id=\"b63a7ae\" data-element_type=\"container\" data-e-type=\"container\">\n\t\t\t\t<div class=\"elementor-element elementor-element-52b63a3 elementor-widget elementor-widget-google_maps\" data-id=\"52b63a3\" data-element_type=\"widget\" data-e-type=\"widget\" data-widget_type=\"google_maps.default\">\n\t\t\t\t<div class=\"elementor-widget-container\">\n\t\t\t\t\t\t\t<div class=\"elementor-custom-embed\">\n\t\t\t<iframe loading=\"lazy\"\n\t\t\t\t\tsrc=\"https:\/\/maps.google.com\/maps?q=Finques%20Bonallar%2C%20Carrer%20Bonavista%2C%2010%2C%20local%204%2C%2008110%20Montcada%20i%20Reixac%2C%20Barcelona&#038;t=m&#038;z=18&#038;output=embed&#038;iwloc=near\"\n\t\t\t\t\ttitle=\"Finques Bonallar, Carrer Bonavista, 10, local 4, 08110 Montcada i Reixac, Barcelona\"\n\t\t\t\t\taria-label=\"Finques Bonallar, Carrer Bonavista, 10, local 4, 08110 Montcada i Reixac, Barcelona\"\n\t\t\t><\/iframe>\n\t\t<\/div>\n\t\t\t\t\t\t<\/div>\n\t\t\t\t<\/div>\n\t\t\t\t<\/div>\n\t\t<div class=\"elementor-element elementor-element-a898aab e-con-full e-flex e-con e-child\" data-id=\"a898aab\" data-element_type=\"container\" data-e-type=\"container\">\n\t\t\t\t<div class=\"elementor-element elementor-element-443261c elementor-widget elementor-widget-shortcode\" data-id=\"443261c\" data-element_type=\"widget\" data-e-type=\"widget\" data-widget_type=\"shortcode.default\">\n\t\t\t\t<div class=\"elementor-widget-container\">\n\t\t\t\t\t\t\t<div class=\"elementor-shortcode\">\n<div class=\"wpcf7 no-js\" id=\"wpcf7-f2963-o1\" lang=\"ca\" dir=\"ltr\" data-wpcf7-id=\"2963\">\n<div class=\"screen-reader-response\"><p role=\"status\" aria-live=\"polite\" aria-atomic=\"true\"><\/p> <ul><\/ul><\/div>\n<form action=\"\/ca\/wp-json\/wp\/v2\/pages\/3165#wpcf7-f2963-o1\" method=\"post\" class=\"wpcf7-form init\" aria-label=\"Formulari de contacte\" novalidate=\"novalidate\" data-status=\"init\">\n<fieldset class=\"hidden-fields-container\"><input type=\"hidden\" name=\"_wpcf7\" value=\"2963\" \/><input type=\"hidden\" name=\"_wpcf7_version\" value=\"6.1.5\" \/><input type=\"hidden\" name=\"_wpcf7_locale\" value=\"ca\" \/><input type=\"hidden\" name=\"_wpcf7_unit_tag\" value=\"wpcf7-f2963-o1\" \/><input type=\"hidden\" name=\"_wpcf7_container_post\" value=\"0\" \/><input type=\"hidden\" name=\"_wpcf7_posted_data_hash\" value=\"\" \/>\n<\/fieldset>\n<div class=\"form-container\" style=\"display: flex; flex-wrap: wrap; gap: 20px;\">\n\t<div class=\"form-column\" style=\"flex: 1; min-width: 250px;\">\n\t\t<p><label><br \/>\n<span class=\"wpcf7-form-control-wrap\" data-name=\"your-name\"><input size=\"40\" maxlength=\"400\" class=\"wpcf7-form-control wpcf7-text wpcf7-validates-as-required\" autocomplete=\"name\" aria-required=\"true\" aria-invalid=\"false\" placeholder=\"Nom i cognoms\" value=\"\" type=\"text\" name=\"your-name\" \/><\/span><br \/>\n<\/label>\n\t\t<\/p>\n\t<\/div>\n\t<div class=\"form-column\" style=\"flex: 1; min-width: 250px;\">\n\t\t<p><label><br \/>\n<span class=\"wpcf7-form-control-wrap\" data-name=\"your-email\"><input size=\"40\" maxlength=\"400\" class=\"wpcf7-form-control wpcf7-email wpcf7-validates-as-required wpcf7-text wpcf7-validates-as-email\" autocomplete=\"email\" aria-required=\"true\" aria-invalid=\"false\" placeholder=\"Correu electr\u00f2nic\" value=\"\" type=\"email\" name=\"your-email\" \/><\/span><br \/>\n<\/label>\n\t\t<\/p>\n\t<\/div>\n\t<div class=\"form-column\" style=\"flex: 1; min-width: 250px;\">\n\t\t<p><label><br \/>\n<span class=\"wpcf7-form-control-wrap\" data-name=\"your-phone\"><input size=\"40\" maxlength=\"400\" class=\"wpcf7-form-control wpcf7-tel wpcf7-text wpcf7-validates-as-tel\" aria-invalid=\"false\" placeholder=\"Tel\u00e8fon\" value=\"\" type=\"tel\" name=\"your-phone\" \/><\/span><br \/>\n<\/label>\n\t\t<\/p>\n\t<\/div>\n\t<div class=\"form-column\" style=\"flex: 1; min-width: 250px;\">\n\t\t<p><label><br \/>\n<span class=\"wpcf7-form-control-wrap\" data-name=\"subject-101\"><select class=\"wpcf7-form-control wpcf7-select\" aria-invalid=\"false\" name=\"subject-101\"><option value=\"\">&#8212;Trieu una opci\u00f3&#8212;<\/option><option value=\"Comprar\">Comprar<\/option><option value=\"Vendre\">Vendre<\/option><option value=\"Llogar\">Llogar<\/option><option value=\"Altres\">Altres<\/option><\/select><\/span><br \/>\n<\/label>\n\t\t<\/p>\n\t<\/div>\n<\/div>\n<p><span class=\"wpcf7-form-control-wrap\" data-name=\"your-message\"><textarea cols=\"40\" rows=\"10\" maxlength=\"2000\" class=\"wpcf7-form-control wpcf7-textarea\" aria-invalid=\"false\" placeholder=\"Escriu aqu\u00ed el teu missatge\" name=\"your-message\"><\/textarea><\/span>\n<\/p>\n<p><label><br \/>\n<span class=\"wpcf7-form-control-wrap\" data-name=\"acceptance-policy\"><span class=\"wpcf7-form-control wpcf7-acceptance\"><span class=\"wpcf7-list-item\"><label><input type=\"checkbox\" name=\"acceptance-policy\" value=\"1\" class=\"uli-acceptance-cf7\" aria-invalid=\"false\" \/><span class=\"wpcf7-list-item-label\">He llegit i accepto la<\/span><\/label><\/span><\/span><\/span> <a style=\"font-size:16px; padding-top:2px;\" href=\"https:\/\/www.finquesbonallar.com\/ca\/politica-de-privadesa\/\" target=\"_blank\" rel=\"noopener\">Pol\u00edtica de Privadesa<\/a><br \/>\n<\/label>\n<\/p>\n<div class=\"accordion\">\n\t<details>\n\t\t<summary>Informaci\u00f3 b\u00e0sica sobre protecci\u00f3 de dades\n\t\t<\/summary>\n\t\t<div>\n\t\t\t<p><small><br \/>\n<\/small>\n\t\t\t<\/p>\n\t\t\t<ul>\n\t\t\t\t<li>\n\t\t\t\t\t<p>El responsable del tractament \u00e9s Finques Bonallar.\n\t\t\t\t\t<\/p>\n\t\t\t\t<\/li>\n\t\t\t\t<li>\n\t\t\t\t\t<p>La finalitat \u00e9s gestionar i atendre les sol\u00b7licituds d'informaci\u00f3 i\/o consultes que els usuaris ens envi\u00efn des d'aquest formulari d'atenci\u00f3 al client.\n\t\t\t\t\t<\/p>\n\t\t\t\t<\/li>\n\t\t\t\t<li>\n\t\t\t\t\t<p>No se cedeixen dades a tercers, excepte obligaci\u00f3 legal.\n\t\t\t\t\t<\/p>\n\t\t\t\t<\/li>\n\t\t\t\t<li>\n\t\t\t\t\t<p>T\u00e9 dret a accedir, rectificar\n\t\t\t\t\t<\/p>\n\t\t\t\t<\/li>\n\t\t\t\t<li>\n\t\t\t\t\t<p>la informaci\u00f3 addicional i detallada sobre protecci\u00f3 de dades en aquest <a href=\"https:\/\/www.finquesbonallar.com\/politica-de-privadesa\/\" target=\"_blank\" rel=\"noopener\">ENLLA\u00c7<\/a>.\n\t\t\t\t\t<\/p>\n\t\t\t\t<\/li>\n\t\t\t<\/ul>\n\t\t<\/div>\n\t<\/details>\n<\/div>\n<p><input class=\"wpcf7-form-control wpcf7-submit has-spinner\" type=\"submit\" value=\"Enviar\" \/>\n<\/p><div class=\"wpcf7-response-output\" aria-hidden=\"true\"><\/div>\n<\/form>\n<\/div>\n<\/div>\n\t\t\t\t\t\t<\/div>\n\t\t\t\t<\/div>\n\t\t\t\t<\/div>\n\t\t\t\t<\/div>\n\t\t\t\t\t<\/div>\n\t\t\t\t<\/div>\n\t\t\t\t<\/div>\n\t\t","protected":false},"excerpt":{"rendered":"<p>Immobili\u00e0ria a Montcada i Reixac Finques Bonallar\u200b Finques Bonallar, la teva ag\u00e8ncia immobili\u00e0ria a Montcada i Reixac de proximitat, amb la major oferta de pisos, cases, locals, places de garatge i terrenys de Montcada [BVenta KUBE] \u00daltims immobles en venda o lloguer Compra, ven i lloga el teu immoble a Montcada r\u00e0pida i f\u00e0cilment amb [&hellip;]<\/p>\n","protected":false},"author":1,"featured_media":3641,"parent":0,"menu_order":0,"comment_status":"closed","ping_status":"closed","template":"","meta":{"footnotes":""},"class_list":["post-3165","page","type-page","status-publish","has-post-thumbnail","hentry"],"yoast_head":"<!-- This site is optimized with the Yoast SEO plugin v27.6 - https:\/\/yoast.com\/product\/yoast-seo-wordpress\/ -->\n<title>Immobili\u00e0ria a Montcada i Reixac - Ag\u00e8ncia Finques Bonallar<\/title>\n<meta name=\"description\" content=\"Finques Bonallar, ag\u00e8ncia immobili\u00e0ria a Montcada i Reixac amb la major oferta de pisos, cases, locals, p\u00e0rquings i terrenys de Montcada\" \/>\n<meta name=\"robots\" content=\"index, follow, max-snippet:-1, max-image-preview:large, max-video-preview:-1\" \/>\n<link rel=\"canonical\" href=\"https:\/\/www.finquesbonallar.com\/ca\/\" \/>\n<meta property=\"og:locale\" content=\"ca_ES\" \/>\n<meta property=\"og:type\" content=\"article\" \/>\n<meta property=\"og:title\" content=\"Immobili\u00e0ria a Montcada i Reixac - Ag\u00e8ncia Finques Bonallar\" \/>\n<meta property=\"og:description\" content=\"Finques Bonallar, ag\u00e8ncia immobili\u00e0ria a Montcada i Reixac amb la major oferta de pisos, cases, locals, p\u00e0rquings i terrenys de Montcada\" \/>\n<meta property=\"og:url\" content=\"https:\/\/www.finquesbonallar.com\/ca\/\" \/>\n<meta property=\"og:site_name\" content=\"Finques Bonallar Montcada\" \/>\n<meta property=\"article:publisher\" content=\"https:\/\/www.facebook.com\/FinquesBonallarMiR\" \/>\n<meta property=\"article:modified_time\" content=\"2026-04-27T09:41:03+00:00\" \/>\n<meta name=\"twitter:card\" content=\"summary_large_image\" \/>\n<meta name=\"twitter:label1\" content=\"Temps estimat de lectura\" \/>\n\t<meta name=\"twitter:data1\" content=\"2 minuts\" \/>\n<script type=\"application\/ld+json\" class=\"yoast-schema-graph\">{\"@context\":\"https:\\\/\\\/schema.org\",\"@graph\":[{\"@type\":\"WebPage\",\"@id\":\"https:\\\/\\\/www.finquesbonallar.com\\\/ca\\\/\",\"url\":\"https:\\\/\\\/www.finquesbonallar.com\\\/ca\\\/\",\"name\":\"Immobili\u00e0ria a Montcada i Reixac - Ag\u00e8ncia Finques Bonallar\",\"isPartOf\":{\"@id\":\"https:\\\/\\\/www.finquesbonallar.com\\\/ca\\\/#website\"},\"primaryImageOfPage\":{\"@id\":\"https:\\\/\\\/www.finquesbonallar.com\\\/ca\\\/#primaryimage\"},\"image\":{\"@id\":\"https:\\\/\\\/www.finquesbonallar.com\\\/ca\\\/#primaryimage\"},\"thumbnailUrl\":\"https:\\\/\\\/www.finquesbonallar.com\\\/wp-content\\\/uploads\\\/2026\\\/04\\\/finques-bonallar-inmobiliaria-montcada-i-reixac.webp\",\"datePublished\":\"2024-10-30T09:05:28+00:00\",\"dateModified\":\"2026-04-27T09:41:03+00:00\",\"description\":\"Finques Bonallar, ag\u00e8ncia immobili\u00e0ria a Montcada i Reixac amb la major oferta de pisos, cases, locals, p\u00e0rquings i terrenys de Montcada\",\"breadcrumb\":{\"@id\":\"https:\\\/\\\/www.finquesbonallar.com\\\/ca\\\/#breadcrumb\"},\"inLanguage\":\"ca\",\"potentialAction\":[{\"@type\":\"ReadAction\",\"target\":[\"https:\\\/\\\/www.finquesbonallar.com\\\/ca\\\/\"]}]},{\"@type\":\"ImageObject\",\"inLanguage\":\"ca\",\"@id\":\"https:\\\/\\\/www.finquesbonallar.com\\\/ca\\\/#primaryimage\",\"url\":\"https:\\\/\\\/www.finquesbonallar.com\\\/wp-content\\\/uploads\\\/2026\\\/04\\\/finques-bonallar-inmobiliaria-montcada-i-reixac.webp\",\"contentUrl\":\"https:\\\/\\\/www.finquesbonallar.com\\\/wp-content\\\/uploads\\\/2026\\\/04\\\/finques-bonallar-inmobiliaria-montcada-i-reixac.webp\",\"width\":912,\"height\":912,\"caption\":\"Finques Bonallar, tu agencia inmobiliaria en Montcada i Reixac de proximidad\"},{\"@type\":\"BreadcrumbList\",\"@id\":\"https:\\\/\\\/www.finquesbonallar.com\\\/ca\\\/#breadcrumb\",\"itemListElement\":[{\"@type\":\"ListItem\",\"position\":1,\"name\":\"Portada\",\"item\":\"https:\\\/\\\/www.finquesbonallar.com\\\/ca\\\/\"},{\"@type\":\"ListItem\",\"position\":2,\"name\":\"Inici\"}]},{\"@type\":\"WebSite\",\"@id\":\"https:\\\/\\\/www.finquesbonallar.com\\\/ca\\\/#website\",\"url\":\"https:\\\/\\\/www.finquesbonallar.com\\\/ca\\\/\",\"name\":\"Finques Bonallar\",\"description\":\"\",\"publisher\":{\"@id\":\"https:\\\/\\\/www.finquesbonallar.com\\\/ca\\\/#organization\"},\"potentialAction\":[{\"@type\":\"SearchAction\",\"target\":{\"@type\":\"EntryPoint\",\"urlTemplate\":\"https:\\\/\\\/www.finquesbonallar.com\\\/ca\\\/?s={search_term_string}\"},\"query-input\":{\"@type\":\"PropertyValueSpecification\",\"valueRequired\":true,\"valueName\":\"search_term_string\"}}],\"inLanguage\":\"ca\"},{\"@type\":\"Organization\",\"@id\":\"https:\\\/\\\/www.finquesbonallar.com\\\/ca\\\/#organization\",\"name\":\"Finques Bonallar Montcada S.L.\",\"url\":\"https:\\\/\\\/www.finquesbonallar.com\\\/ca\\\/\",\"logo\":{\"@type\":\"ImageObject\",\"inLanguage\":\"ca\",\"@id\":\"https:\\\/\\\/www.finquesbonallar.com\\\/ca\\\/#\\\/schema\\\/logo\\\/image\\\/\",\"url\":\"https:\\\/\\\/www.finquesbonallar.com\\\/wp-content\\\/uploads\\\/2026\\\/04\\\/logo.webp\",\"contentUrl\":\"https:\\\/\\\/www.finquesbonallar.com\\\/wp-content\\\/uploads\\\/2026\\\/04\\\/logo.webp\",\"width\":224,\"height\":224,\"caption\":\"Finques Bonallar Montcada S.L.\"},\"image\":{\"@id\":\"https:\\\/\\\/www.finquesbonallar.com\\\/ca\\\/#\\\/schema\\\/logo\\\/image\\\/\"},\"sameAs\":[\"https:\\\/\\\/www.facebook.com\\\/FinquesBonallarMiR\",\"https:\\\/\\\/www.instagram.com\\\/finquesbonallar\\\/\"]}]}<\/script>\n<!-- \/ Yoast SEO plugin. -->","yoast_head_json":{"title":"Immobili\u00e0ria a Montcada i Reixac - Ag\u00e8ncia Finques Bonallar","description":"Finques Bonallar, ag\u00e8ncia immobili\u00e0ria a Montcada i Reixac amb la major oferta de pisos, cases, locals, p\u00e0rquings i terrenys de Montcada","robots":{"index":"index","follow":"follow","max-snippet":"max-snippet:-1","max-image-preview":"max-image-preview:large","max-video-preview":"max-video-preview:-1"},"canonical":"https:\/\/www.finquesbonallar.com\/ca\/","og_locale":"ca_ES","og_type":"article","og_title":"Immobili\u00e0ria a Montcada i Reixac - Ag\u00e8ncia Finques Bonallar","og_description":"Finques Bonallar, ag\u00e8ncia immobili\u00e0ria a Montcada i Reixac amb la major oferta de pisos, cases, locals, p\u00e0rquings i terrenys de Montcada","og_url":"https:\/\/www.finquesbonallar.com\/ca\/","og_site_name":"Finques Bonallar Montcada","article_publisher":"https:\/\/www.facebook.com\/FinquesBonallarMiR","article_modified_time":"2026-04-27T09:41:03+00:00","twitter_card":"summary_large_image","twitter_misc":{"Temps estimat de lectura":"2 minuts"},"schema":{"@context":"https:\/\/schema.org","@graph":[{"@type":"WebPage","@id":"https:\/\/www.finquesbonallar.com\/ca\/","url":"https:\/\/www.finquesbonallar.com\/ca\/","name":"Immobili\u00e0ria a Montcada i Reixac - Ag\u00e8ncia Finques Bonallar","isPartOf":{"@id":"https:\/\/www.finquesbonallar.com\/ca\/#website"},"primaryImageOfPage":{"@id":"https:\/\/www.finquesbonallar.com\/ca\/#primaryimage"},"image":{"@id":"https:\/\/www.finquesbonallar.com\/ca\/#primaryimage"},"thumbnailUrl":"https:\/\/www.finquesbonallar.com\/wp-content\/uploads\/2026\/04\/finques-bonallar-inmobiliaria-montcada-i-reixac.webp","datePublished":"2024-10-30T09:05:28+00:00","dateModified":"2026-04-27T09:41:03+00:00","description":"Finques Bonallar, ag\u00e8ncia immobili\u00e0ria a Montcada i Reixac amb la major oferta de pisos, cases, locals, p\u00e0rquings i terrenys de Montcada","breadcrumb":{"@id":"https:\/\/www.finquesbonallar.com\/ca\/#breadcrumb"},"inLanguage":"ca","potentialAction":[{"@type":"ReadAction","target":["https:\/\/www.finquesbonallar.com\/ca\/"]}]},{"@type":"ImageObject","inLanguage":"ca","@id":"https:\/\/www.finquesbonallar.com\/ca\/#primaryimage","url":"https:\/\/www.finquesbonallar.com\/wp-content\/uploads\/2026\/04\/finques-bonallar-inmobiliaria-montcada-i-reixac.webp","contentUrl":"https:\/\/www.finquesbonallar.com\/wp-content\/uploads\/2026\/04\/finques-bonallar-inmobiliaria-montcada-i-reixac.webp","width":912,"height":912,"caption":"Finques Bonallar, tu agencia inmobiliaria en Montcada i Reixac de proximidad"},{"@type":"BreadcrumbList","@id":"https:\/\/www.finquesbonallar.com\/ca\/#breadcrumb","itemListElement":[{"@type":"ListItem","position":1,"name":"Portada","item":"https:\/\/www.finquesbonallar.com\/ca\/"},{"@type":"ListItem","position":2,"name":"Inici"}]},{"@type":"WebSite","@id":"https:\/\/www.finquesbonallar.com\/ca\/#website","url":"https:\/\/www.finquesbonallar.com\/ca\/","name":"Finques Bonallar","description":"","publisher":{"@id":"https:\/\/www.finquesbonallar.com\/ca\/#organization"},"potentialAction":[{"@type":"SearchAction","target":{"@type":"EntryPoint","urlTemplate":"https:\/\/www.finquesbonallar.com\/ca\/?s={search_term_string}"},"query-input":{"@type":"PropertyValueSpecification","valueRequired":true,"valueName":"search_term_string"}}],"inLanguage":"ca"},{"@type":"Organization","@id":"https:\/\/www.finquesbonallar.com\/ca\/#organization","name":"Finques Bonallar Montcada S.L.","url":"https:\/\/www.finquesbonallar.com\/ca\/","logo":{"@type":"ImageObject","inLanguage":"ca","@id":"https:\/\/www.finquesbonallar.com\/ca\/#\/schema\/logo\/image\/","url":"https:\/\/www.finquesbonallar.com\/wp-content\/uploads\/2026\/04\/logo.webp","contentUrl":"https:\/\/www.finquesbonallar.com\/wp-content\/uploads\/2026\/04\/logo.webp","width":224,"height":224,"caption":"Finques Bonallar Montcada S.L."},"image":{"@id":"https:\/\/www.finquesbonallar.com\/ca\/#\/schema\/logo\/image\/"},"sameAs":["https:\/\/www.facebook.com\/FinquesBonallarMiR","https:\/\/www.instagram.com\/finquesbonallar\/"]}]}},"_links":{"self":[{"href":"https:\/\/www.finquesbonallar.com\/ca\/wp-json\/wp\/v2\/pages\/3165","targetHints":{"allow":["GET"]}}],"collection":[{"href":"https:\/\/www.finquesbonallar.com\/ca\/wp-json\/wp\/v2\/pages"}],"about":[{"href":"https:\/\/www.finquesbonallar.com\/ca\/wp-json\/wp\/v2\/types\/page"}],"author":[{"embeddable":true,"href":"https:\/\/www.finquesbonallar.com\/ca\/wp-json\/wp\/v2\/users\/1"}],"replies":[{"embeddable":true,"href":"https:\/\/www.finquesbonallar.com\/ca\/wp-json\/wp\/v2\/comments?post=3165"}],"version-history":[{"count":10,"href":"https:\/\/www.finquesbonallar.com\/ca\/wp-json\/wp\/v2\/pages\/3165\/revisions"}],"predecessor-version":[{"id":3650,"href":"https:\/\/www.finquesbonallar.com\/ca\/wp-json\/wp\/v2\/pages\/3165\/revisions\/3650"}],"wp:featuredmedia":[{"embeddable":true,"href":"https:\/\/www.finquesbonallar.com\/ca\/wp-json\/wp\/v2\/media\/3641"}],"wp:attachment":[{"href":"https:\/\/www.finquesbonallar.com\/ca\/wp-json\/wp\/v2\/media?parent=3165"}],"curies":[{"name":"wp","href":"https:\/\/api.w.org\/{rel}","templated":true}]}}